{"id":123,"date":"2026-01-06T19:17:06","date_gmt":"2026-01-06T18:17:06","guid":{"rendered":"https:\/\/www.geolitho.eu\/es\/?page_id=123"},"modified":"2026-04-07T13:42:39","modified_gmt":"2026-04-07T11:42:39","slug":"privacy-policy","status":"publish","type":"page","link":"https:\/\/www.geolitho.eu\/es\/privacy-policy\/","title":{"rendered":"Pol\u00edtica de privacidad"},"content":{"rendered":"\n<div class=\"wp-block-group is-style-default\"><div class=\"wp-block-group__inner-container is-layout-flow wp-block-group-is-layout-flow\">\n<p class=\"has-background-color has-white-background-color has-text-color has-background\">Nos com\u00adplace mucho su inter\u00e9s en nue\u00adstro sitio web. La pro\u00adtec\u00adci\u00f3n de datos tiene una impor\u00adtan\u00adcia espe\u00adcial\u00admente alta para el oper\u00adador de este sitio web. El uso de las p\u00e1gi\u00adnas web de Geolitho Stiftung gGmbH es, en prin\u00adci\u00adpio, posi\u00adble sin pro\u00adpor\u00adcionar datos per\u00adson\u00adales. No obstante, si una per\u00adsona intere\u00adsa\u00adda desea uti\u00adlizar ser\u00advi\u00adcios espe\u00adciales de nue\u00adstro sitio web, puede ser nece\u00adsario el tratamien\u00adto de datos per\u00adson\u00adales. En caso de que el tratamien\u00adto de datos per\u00adson\u00adales sea nece\u00adsario y no exista una base legal para dicho tratamien\u00adto, solici\u00adta\u00admos por lo gen\u00ader\u00adal el con\u00adsen\u00adtimien\u00adto de la per\u00adsona afec\u00adta\u00adda.<br><br>Hemos imple\u00admen\u00adta\u00addo numerosas medi\u00addas t\u00e9c\u00adni\u00adcas y orga\u00adni\u00adza\u00adti\u00advas para garan\u00adti\u00adzar una pro\u00adtec\u00adci\u00f3n lo m\u00e1s com\u00adple\u00adta posi\u00adble de los datos per\u00adson\u00adales trata\u00addos a trav\u00e9s de este sitio web. Sin embar\u00adgo, las trans\u00admi\u00adsiones de datos a trav\u00e9s de Inter\u00adnet pueden pre\u00adsen\u00adtar, en prin\u00adci\u00adpio, lagu\u00adnas de seguri\u00addad, por lo que no puede garan\u00adti\u00adzarse una pro\u00adtec\u00adci\u00f3n abso\u00adlu\u00adta.<br><br><strong>Nom\u00adbre y direc\u00adci\u00f3n del respon\u00ads\u00adable del tratamien\u00adto<\/strong><br><br>El respon\u00ads\u00adable en el sen\u00adti\u00addo del Reglamen\u00adto Gen\u00ader\u00adal de Pro\u00adtec\u00adci\u00f3n de Datos (RGPD), de otras leyes de pro\u00adtec\u00adci\u00f3n de datos aplic\u00ada\u00adbles en los Esta\u00addos miem\u00adbros de la Uni\u00f3n Euro\u00adpea y de otras dis\u00adposi\u00adciones de car\u00e1c\u00adter jur\u00eddi\u00adco en mate\u00adria de pro\u00adtec\u00adci\u00f3n de datos para Geolitho Stiftung gGmbH es:<br><br>Ste\u00adfan Schorn<br>Fritz-Arnold-Str. 7<br>85614 Kirch\u00adseeon<br>Tel. +49 8091 6178175<br>info@geolitho.eu<br><br><strong>Recopi\u00adlaci\u00f3n de datos gen\u00aderales<\/strong><br><br>El sitio web de Geolitho Stiftung gGmbH recopi\u00adla, cada vez que una per\u00adsona afec\u00adta\u00adda o un sis\u00adtema autom\u00ada\u00adti\u00adza\u00addo accede al sitio web, una serie de datos e infor\u00adma\u00adciones gen\u00aderales. Estos datos e infor\u00adma\u00adciones gen\u00aderales se alma\u00adce\u00adnan en los archivos de reg\u00adistro del servi\u00addor. Pueden recopi\u00adlarse los sigu\u00adientes datos:<\/p>\n\n\n\n<div class=\"wp-block-group\"><div class=\"wp-block-group__inner-container is-layout-flow wp-block-group-is-layout-flow\">\n<ul class=\"wp-block-list\">\n<li>los tipos y ver\u00adsiones de nave\u00adg\u00adador uti\u00adliza\u00addos,<\/li>\n\n\n\n<li>el sis\u00adtema oper\u00ada\u00adti\u00advo uti\u00adliza\u00addo por el sis\u00adtema que accede,<\/li>\n\n\n\n<li>la p\u00e1gi\u00adna web des\u00adde la cual un sis\u00adtema accede a nue\u00adstro sitio web (los lla\u00adma\u00addos \u201creferi\u00addores\u201d),<\/li>\n\n\n\n<li>las sub\u00adp\u00e1gi\u00adnas a las que se accede den\u00adtro de nue\u00adstro sitio web,<\/li>\n\n\n\n<li>la fecha y la hora de acce\u00adso al sitio web,<\/li>\n\n\n\n<li>una direc\u00adci\u00f3n de pro\u00adto\u00adco\u00adlo de Inter\u00adnet (direc\u00adci\u00f3n IP),<\/li>\n\n\n\n<li>el provee\u00addor de ser\u00advi\u00adcios de Inter\u00adnet del sis\u00adtema que accede, y<\/li>\n\n\n\n<li>otros datos e infor\u00adma\u00adciones sim\u00adi\u00adlares que sir\u00adven para la pre\u00adven\u00adci\u00f3n de ries\u00adgos en caso de ataques a nue\u00adstros sis\u00adtemas de tec\u00adnolog\u00eda de la infor\u00adma\u00adci\u00f3n.<\/li>\n<\/ul>\n<\/div><\/div>\n<\/div><\/div>\n\n\n\n<div class=\"wp-block-group\"><div class=\"wp-block-group__inner-container is-layout-flow wp-block-group-is-layout-flow\">\n<p class=\"has-background-color has-white-background-color has-text-color has-background\">Al uti\u00adlizar estos datos e infor\u00adma\u00adciones gen\u00aderales, no extrae\u00admos con\u00adclu\u00adsiones sobre la per\u00adsona afec\u00adta\u00adda. Esta infor\u00adma\u00adci\u00f3n se nece\u00adsi\u00adta m\u00e1s bien para<\/p>\n\n\n\n<div class=\"wp-block-group\"><div class=\"wp-block-group__inner-container is-layout-flow wp-block-group-is-layout-flow\">\n<ul class=\"wp-block-list\">\n<li>entre\u00adgar cor\u00adrec\u00adta\u00admente los con\u00adtenidos de nue\u00adstro sitio web,<\/li>\n\n\n\n<li>opti\u00admizar los con\u00adtenidos de nue\u00adstro sitio web,<\/li>\n\n\n\n<li>garan\u00adti\u00adzar el fun\u00adcionamien\u00adto per\u00adma\u00adnente de nue\u00adstros sis\u00adtemas de tec\u00adnolog\u00eda de la infor\u00adma\u00adci\u00f3n y de la tec\u00adnolog\u00eda de nue\u00adstro sitio web, as\u00ed como<\/li>\n\n\n\n<li>pon\u00ader a dis\u00adposi\u00adci\u00f3n de las autori\u00addades de per\u00adse\u00adcu\u00adci\u00f3n penal la infor\u00adma\u00adci\u00f3n nece\u00adsaria para la inves\u00adti\u00adgaci\u00f3n en caso de un cib\u00ader\u00adataque.<\/li>\n<\/ul>\n<\/div><\/div>\n\n\n\n<p>Estos datos e infor\u00adma\u00adciones recopi\u00adla\u00addos son eval\u00adu\u00ada\u00addos por Geolitho Stiftung gemein\u00adn\u00fctzige GmbH, por un lado, de for\u00adma estad\u00eds\u00adti\u00adca y, por otro, con el obje\u00adti\u00advo de aumen\u00adtar la pro\u00adtec\u00adci\u00f3n de datos y la seguri\u00addad de los datos en nue\u00adstro sitio web, para garan\u00adti\u00adzar en \u00falti\u00adma instan\u00adcia un niv\u00adel \u00f3pti\u00admo de pro\u00adtec\u00adci\u00f3n de los datos per\u00adson\u00adales que trata\u00admos.<\/p>\n\n\n\n<p>No trans\u00admiti\u00admos datos a otras per\u00adsonas o empre\u00adsas. No se real\u00adiza una com\u00adbi\u00adnaci\u00f3n de nue\u00adstros datos con datos de otros ser\u00advi\u00adcios.<\/p>\n\n\n\n<p><strong>Recopi\u00adlaci\u00f3n de datos en el mar\u00adco de rela\u00adciones com\u00ader\u00adciales<\/strong><\/p>\n\n\n\n<p>En el mar\u00adco de rela\u00adciones com\u00ader\u00adciales trata\u00admos<\/p>\n\n\n\n<div class=\"wp-block-group\"><div class=\"wp-block-group__inner-container is-layout-flow wp-block-group-is-layout-flow\">\n<ul class=\"wp-block-list\">\n<li>datos b\u00e1si\u00adcos (p. ej., nom\u00adbre y tratamien\u00adto),<\/li>\n\n\n\n<li>datos de con\u00adtac\u00adto (p. ej., n\u00famero de tel\u00e9\u00adfono, direc\u00adci\u00f3n de correo elec\u00adtr\u00f3ni\u00adco, direc\u00adci\u00f3n postal),<\/li>\n\n\n\n<li>datos de comu\u00adni\u00adcaci\u00f3n (p. ej., con\u00adtenidos de comu\u00adni\u00adca\u00adciones per\u00adson\u00adales, tele\u00adf\u00f3ni\u00adcas o escritas).<\/li>\n<\/ul>\n<\/div><\/div>\n\n\n\n<p><strong>Base jur\u00eddi\u00adca<\/strong> <strong>en el mar\u00adco de rela\u00adciones com\u00ader\u00adciales<\/strong><\/p>\n\n\n\n<p>Trata\u00admos sus datos para el cumplim\u00adien\u00adto de obliga\u00adciones y el man\u00adten\u00adimien\u00adto de rela\u00adciones com\u00ader\u00adciales. Esto se real\u00adiza, por ejem\u00adp\u00adlo, para ges\u00adtionar el inter\u00adcam\u00adbio de mer\u00adcanc\u00edas entre com\u00adprador y vende\u00addor y, en su caso, para pon\u00ader\u00adnos en con\u00adtac\u00adto con ust\u00aded. Todo ello se lle\u00adva a cabo respetan\u00addo las dis\u00adposi\u00adciones del Reglamen\u00adto Gen\u00ader\u00adal de Pro\u00adtec\u00adci\u00f3n de Datos de la UE (RGPD) as\u00ed como todas las dem\u00e1s leyes per\u00adti\u00adnentes.<\/p>\n\n\n\n<p><strong>Durante cu\u00e1n\u00adto tiem\u00adpo alma\u00adce\u00adn\u00adamos sus datos<\/strong> <strong>en el mar\u00adco de rela\u00adciones com\u00ader\u00adciales<\/strong><\/p>\n\n\n\n<p>Trata\u00admos sus datos per\u00adson\u00adales mien\u00adtras sean nece\u00adsar\u00adios para los fines men\u00adciona\u00addos ante\u00adri\u00ador\u00admente. Tras la final\u00adizaci\u00f3n de la relaci\u00f3n com\u00ader\u00adcial, sus datos se alma\u00adce\u00adnar\u00e1n mien\u00adtras exista una obligaci\u00f3n legal para ello. Esto se deri\u00adva reg\u00adu\u00adlar\u00admente de las obliga\u00adciones legales de prue\u00adba y con\u00adser\u00advaci\u00f3n, reg\u00adu\u00adladas, entre otras, en el C\u00f3di\u00adgo de Com\u00ader\u00adcio y la nor\u00adma\u00adti\u00adva fis\u00adcal. Los pla\u00adzos de con\u00adser\u00advaci\u00f3n pueden ser de has\u00adta diez a\u00f1os.<\/p>\n\n\n\n<p><strong>Eval\u00adu\u00adaci\u00f3n de datos gen\u00aderales<\/strong><br><br>Con el fin de mejo\u00adrar nue\u00adstro ser\u00advi\u00adcio para ust\u00aded, los datos gen\u00aderales se eval\u00faan de for\u00adma an\u00f3n\u00adi\u00adma en nue\u00adstros sitios web medi\u00adante un pro\u00adgra\u00adma que se eje\u00adcu\u00adta local\u00admente de for\u00adma autom\u00e1ti\u00adca. No se asig\u00adnan datos indi\u00advid\u00aduales. Con ayu\u00adda de esta eval\u00adu\u00adaci\u00f3n podemos ver qu\u00e9 ofer\u00adtas tienen may\u00ador aceptaci\u00f3n y d\u00f3nde podr\u00edamos mejo\u00adrar. Podemos ver cu\u00e1n\u00adtos usuar\u00adios nos han vis\u00adi\u00adta\u00addo y qu\u00e9 ha sido de may\u00ador inter\u00e9s. No podemos ni quer\u00ade\u00admos ver lo que ust\u00aded ha hecho.<br>No trans\u00admiti\u00admos datos a otras per\u00adsonas o empre\u00adsas. No se real\u00adiza una com\u00adbi\u00adnaci\u00f3n de nue\u00adstros datos con datos de otros ser\u00advi\u00adcios.<br><br><strong>Cook\u00adies<\/strong><br><br>Las p\u00e1gi\u00adnas web de Geolitho Stiftung gGmbH uti\u00adlizan cook\u00adies. Las cook\u00adies son archivos de tex\u00adto que se alma\u00adce\u00adnan y guardan en un sis\u00adtema infor\u00adm\u00e1ti\u00adco a trav\u00e9s de un nave\u00adg\u00adador de Inter\u00adnet.<br><br>Numerosos sitios web y servi\u00addores uti\u00adlizan cook\u00adies. Muchas cook\u00adies con\u00adtienen un denom\u00adi\u00adna\u00addo ID de cook\u00adie. Un ID de cook\u00adie es un iden\u00adti\u00adfi\u00adcador \u00fani\u00adco de la cook\u00adie. Con\u00adsiste en una cade\u00adna de car\u00adac\u00adteres medi\u00adante la cual los sitios web y servi\u00addores pueden asig\u00adnarse al nave\u00adg\u00adador de Inter\u00adnet espec\u00ed\u00adfi\u00adco en el que se alma\u00adcen\u00f3 la cook\u00adie. Esto per\u00admite a los sitios web y servi\u00addores vis\u00adi\u00adta\u00addos dis\u00adtin\u00adguir el nave\u00adg\u00adador indi\u00advid\u00adual de la per\u00adsona afec\u00adta\u00adda de otros nave\u00adg\u00adadores que con\u00adtienen otras cook\u00adies. Un nave\u00adg\u00adador de Inter\u00adnet espec\u00ed\u00adfi\u00adco puede ser recono\u00adci\u00addo e iden\u00adti\u00adfi\u00adca\u00addo medi\u00adante el ID de cook\u00adie \u00fani\u00adco.<br><br>Medi\u00adante el uso de cook\u00adies, Geolitho Stiftung gGmbH puede ofre\u00adcer a los usuar\u00adios de este sitio web ser\u00advi\u00adcios m\u00e1s f\u00e1ciles de usar que no ser\u00edan posi\u00adbles sin el uso de cook\u00adies.<br><br>Por ejem\u00adp\u00adlo, el usuario de un sitio web que uti\u00adliza cook\u00adies no tiene que intro\u00adducir de nue\u00advo sus datos de acce\u00adso en cada visi\u00adta, ya que esto es ges\u00adtion\u00ada\u00addo por el sitio web y la cook\u00adie alma\u00adce\u00adna\u00adda en el sis\u00adtema infor\u00adm\u00e1ti\u00adco del usuario. Las cook\u00adies tam\u00adbi\u00e9n son nece\u00adsarias para volver a encon\u00adtrar con\u00adtenidos tem\u00adpo\u00adrales guarda\u00addos espe\u00adcial\u00admente para ust\u00aded.<br><br>La per\u00adsona afec\u00adta\u00adda puede impedir en cualquier momen\u00adto la insta\u00adlaci\u00f3n de cook\u00adies por parte de nue\u00adstro sitio web medi\u00adante una con\u00adfig\u00adu\u00adraci\u00f3n cor\u00adre\u00adspon\u00addi\u00adente del nave\u00adg\u00adador de Inter\u00adnet uti\u00adliza\u00addo y, de este modo, opon\u00aderse de for\u00adma per\u00adma\u00adnente a la insta\u00adlaci\u00f3n de cook\u00adies. Adem\u00e1s, las cook\u00adies ya insta\u00adl\u00adadas pueden elim\u00adi\u00adnarse en cualquier momen\u00adto a trav\u00e9s de un nave\u00adg\u00adador de Inter\u00adnet u otros pro\u00adgra\u00admas de soft\u00adware. Esto es posi\u00adble en todos los nave\u00adg\u00adadores de Inter\u00adnet habit\u00aduales. Si la per\u00adsona afec\u00adta\u00adda desac\u00adti\u00adva la insta\u00adlaci\u00f3n de cook\u00adies en el nave\u00adg\u00adador de Inter\u00adnet uti\u00adliza\u00addo, es posi\u00adble que no todas las fun\u00adciones de nue\u00adstro sitio web est\u00e9n ple\u00adna\u00admente disponibles.<br><br>No uti\u00adlizamos cook\u00adies para ras\u00adtrear\u00adle ni para espi\u00adar sus intere\u00adses. Tam\u00adpoco uti\u00adlizamos cook\u00adies de \u201cDo Not Track\u201d, ya que no real\u00adizamos ning\u00fan seguimien\u00adto. Estable\u00adcer una cook\u00adie para saber que no desea cook\u00adies ser\u00eda con\u00adtra\u00addic\u00adto\u00adrio.<br><\/p>\n\n\n\n<p><strong>Avi\u00adso<\/strong><\/p>\n\n\n\n<p><br>Ust\u00aded tiene dere\u00adcho a solic\u00adi\u00adtar infor\u00adma\u00adci\u00f3n sobre los datos alma\u00adce\u00adna\u00addos sobre ust\u00aded, de con\u00adformi\u00addad con el art\u00edcu\u00adlo 15 del Reglamen\u00adto Gen\u00ader\u00adal de Pro\u00adtec\u00adci\u00f3n de Datos (RGPD). Adem\u00e1s, puede solic\u00adi\u00adtar la rec\u00adti\u00adfi\u00adcaci\u00f3n o la supre\u00adsi\u00f3n de sus datos de con\u00adformi\u00addad con los art\u00edcu\u00adlos 16 y 17 del RGPD. Tam\u00adbi\u00e9n existe la posi\u00adbil\u00adi\u00addad de solic\u00adi\u00adtar la lim\u00aditaci\u00f3n del tratamien\u00adto de sus datos o de recibir los datos que nos haya facil\u00adi\u00adta\u00addo en un for\u00adma\u00adto estruc\u00adtura\u00addo, de uso com\u00fan y leg\u00adi\u00adble por m\u00e1quina, siem\u00adpre que ello no afecte a los dere\u00adchos y lib\u00ader\u00adtades de otras per\u00adsonas, de con\u00adformi\u00addad con los art\u00edcu\u00adlos 18 y 20 del RGPD.<\/p>\n\n\n\n<p>Si nos ha otor\u00adga\u00addo su con\u00adsen\u00adtimien\u00adto para el tratamien\u00adto de sus datos per\u00adson\u00adales, puede revo\u00adcar\u00adlo en cualquier momen\u00adto. La lic\u00adi\u00adtud del tratamien\u00adto real\u00adiza\u00addo sobre la base de su con\u00adsen\u00adtimien\u00adto antes de la revo\u00adcaci\u00f3n no se ver\u00e1 afec\u00adta\u00adda.<\/p>\n\n\n\n<p>Asimis\u00admo, puede pre\u00adsen\u00adtar una recla\u00admaci\u00f3n ante una autori\u00addad de con\u00adtrol en mate\u00adria de pro\u00adtec\u00adci\u00f3n de datos, de con\u00adformi\u00addad con el art\u00edcu\u00adlo 77 del RGPD. El dere\u00adcho de recla\u00admaci\u00f3n existe sin per\u00adjuicio de otros recur\u00adsos admin\u00adis\u00adtra\u00adtivos o judi\u00adciales.<br><br><strong>Pre\u00adgun\u00adtas e infor\u00adma\u00adci\u00f3n<\/strong><\/p>\n\n\n\n<p>Si tiene pre\u00adgun\u00adtas sobre los datos recopi\u00adla\u00addos sobre ust\u00aded, p\u00f3n\u00adgase en con\u00adtac\u00adto con el respon\u00ads\u00adable del tratamien\u00adto de datos.<\/p>\n<\/div><\/div>\n","protected":false},"excerpt":{"rendered":"<p>Nos com\u00adplace mucho su inter\u00e9s en nue\u00adstro sitio web. La pro\u00adtec\u00adci\u00f3n de datos tiene una impor\u00adtan\u00adcia espe\u00adcial\u00admente alta para el oper\u00adador de este sitio web. El uso de las p\u00e1gi\u00adnas web de Geolitho Stiftung gGmbH es, en prin\u00adci\u00adpio, posi\u00adble sin pro\u00adpor\u00adcionar datos per\u00adson\u00adales. No obstante, si una per\u00adsona intere\u00adsa\u00adda desea uti\u00adlizar ser\u00advi\u00adcios espe\u00adciales de nue\u00adstro\u2026 <a class=\"more-link\" href=\"https:\/\/www.geolitho.eu\/es\/privacy-policy\/\">Seguir leyen\u00addo <span class=\"screen-reader-text\">Pol\u00edti\u00adca de pri\u00advaci\u00addad<\/span><\/a><\/p>\n","protected":false},"author":1,"featured_media":0,"parent":0,"menu_order":0,"comment_status":"closed","ping_status":"closed","template":"","meta":{"wp_typography_post_enhancements_disabled":false,"footnotes":""},"class_list":["post-123","page","type-page","status-publish","hentry","entry"],"yoast_head":"<!-- This site is optimized with the Yoast SEO plugin v26.9 - https:\/\/yoast.com\/product\/yoast-seo-wordpress\/ -->\n<title>Pol\u00edtica de privacidad - Fundaci\u00f3n Geolitho gGmbH<\/title>\n<meta name=\"robots\" content=\"index, follow, max-snippet:-1, max-image-preview:large, max-video-preview:-1\" \/>\n<link rel=\"canonical\" href=\"https:\/\/www.geolitho.eu\/es\/privacy-policy\/\" \/>\n<meta property=\"og:locale\" content=\"es_ES\" \/>\n<meta property=\"og:type\" content=\"article\" \/>\n<meta property=\"og:title\" content=\"Pol\u00edtica de privacidad - Fundaci\u00f3n Geolitho gGmbH\" \/>\n<meta property=\"og:description\" content=\"Nos com\u00adplace mucho su inter\u00e9s en nue\u00adstro sitio web. La pro\u00adtec\u00adci\u00f3n de datos tiene una impor\u00adtan\u00adcia espe\u00adcial\u00admente alta para el oper\u00adador de este sitio web. El uso de las p\u00e1gi\u00adnas web de Geolitho Stiftung gGmbH es, en prin\u00adci\u00adpio, posi\u00adble sin pro\u00adpor\u00adcionar datos per\u00adson\u00adales. No obstante, si una per\u00adsona intere\u00adsa\u00adda desea uti\u00adlizar ser\u00advi\u00adcios espe\u00adciales de nue\u00adstro&hellip; Seguir leyendo Pol\u00edtica de privacidad\" \/>\n<meta property=\"og:url\" content=\"https:\/\/www.geolitho.eu\/es\/privacy-policy\/\" \/>\n<meta property=\"og:site_name\" content=\"Fundaci\u00f3n Geolitho gGmbH\" \/>\n<meta property=\"article:modified_time\" content=\"2026-04-07T11:42:39+00:00\" \/>\n<meta name=\"twitter:card\" content=\"summary_large_image\" \/>\n<meta name=\"twitter:label1\" content=\"Tiempo de lectura\" \/>\n\t<meta name=\"twitter:data1\" content=\"7 minutos\" \/>\n<script type=\"application\/ld+json\" class=\"yoast-schema-graph\">{\"@context\":\"https:\/\/schema.org\",\"@graph\":[{\"@type\":\"WebPage\",\"@id\":\"https:\/\/www.geolitho.eu\/es\/privacy-policy\/\",\"url\":\"https:\/\/www.geolitho.eu\/es\/privacy-policy\/\",\"name\":\"Pol\u00edtica de privacidad - Fundaci\u00f3n Geolitho gGmbH\",\"isPartOf\":{\"@id\":\"https:\/\/www.geolitho.eu\/es\/#website\"},\"datePublished\":\"2026-01-06T18:17:06+00:00\",\"dateModified\":\"2026-04-07T11:42:39+00:00\",\"breadcrumb\":{\"@id\":\"https:\/\/www.geolitho.eu\/es\/privacy-policy\/#breadcrumb\"},\"inLanguage\":\"es\",\"potentialAction\":[{\"@type\":\"ReadAction\",\"target\":[\"https:\/\/www.geolitho.eu\/es\/privacy-policy\/\"]}]},{\"@type\":\"BreadcrumbList\",\"@id\":\"https:\/\/www.geolitho.eu\/es\/privacy-policy\/#breadcrumb\",\"itemListElement\":[{\"@type\":\"ListItem\",\"position\":1,\"name\":\"Start\",\"item\":\"https:\/\/www.geolitho.eu\/es\/\"},{\"@type\":\"ListItem\",\"position\":2,\"name\":\"Pol\u00edtica de privacidad\"}]},{\"@type\":\"WebSite\",\"@id\":\"https:\/\/www.geolitho.eu\/es\/#website\",\"url\":\"https:\/\/www.geolitho.eu\/es\/\",\"name\":\"Fundaci\u00f3n Geolitho gGmbH\",\"description\":\"Geolitho \u2013 Mineralog\u00eda y geolog\u00eda para tocar y experimentar.\",\"publisher\":{\"@id\":\"https:\/\/www.geolitho.eu\/es\/#organization\"},\"potentialAction\":[{\"@type\":\"SearchAction\",\"target\":{\"@type\":\"EntryPoint\",\"urlTemplate\":\"https:\/\/www.geolitho.eu\/es\/?s={search_term_string}\"},\"query-input\":{\"@type\":\"PropertyValueSpecification\",\"valueRequired\":true,\"valueName\":\"search_term_string\"}}],\"inLanguage\":\"es\"},{\"@type\":\"Organization\",\"@id\":\"https:\/\/www.geolitho.eu\/es\/#organization\",\"name\":\"Fundaci\u00f3n Geolitho gGmbH\",\"url\":\"https:\/\/www.geolitho.eu\/es\/\",\"logo\":{\"@type\":\"ImageObject\",\"inLanguage\":\"es\",\"@id\":\"https:\/\/www.geolitho.eu\/es\/#\/schema\/logo\/image\/\",\"url\":\"https:\/\/www.geolitho.eu\/es\/wp-content\/uploads\/sites\/5\/2026\/01\/geolitho-hellgrau.png\",\"contentUrl\":\"https:\/\/www.geolitho.eu\/es\/wp-content\/uploads\/sites\/5\/2026\/01\/geolitho-hellgrau.png\",\"width\":900,\"height\":142,\"caption\":\"Fundaci\u00f3n Geolitho gGmbH\"},\"image\":{\"@id\":\"https:\/\/www.geolitho.eu\/es\/#\/schema\/logo\/image\/\"}}]}<\/script>\n<!-- \/ Yoast SEO plugin. -->","yoast_head_json":{"title":"Pol\u00edtica de privacidad - Fundaci\u00f3n Geolitho gGmbH","robots":{"index":"index","follow":"follow","max-snippet":"max-snippet:-1","max-image-preview":"max-image-preview:large","max-video-preview":"max-video-preview:-1"},"canonical":"https:\/\/www.geolitho.eu\/es\/privacy-policy\/","og_locale":"es_ES","og_type":"article","og_title":"Pol\u00edtica de privacidad - Fundaci\u00f3n Geolitho gGmbH","og_description":"Nos com\u00adplace mucho su inter\u00e9s en nue\u00adstro sitio web. La pro\u00adtec\u00adci\u00f3n de datos tiene una impor\u00adtan\u00adcia espe\u00adcial\u00admente alta para el oper\u00adador de este sitio web. El uso de las p\u00e1gi\u00adnas web de Geolitho Stiftung gGmbH es, en prin\u00adci\u00adpio, posi\u00adble sin pro\u00adpor\u00adcionar datos per\u00adson\u00adales. No obstante, si una per\u00adsona intere\u00adsa\u00adda desea uti\u00adlizar ser\u00advi\u00adcios espe\u00adciales de nue\u00adstro&hellip; Seguir leyendo Pol\u00edtica de privacidad","og_url":"https:\/\/www.geolitho.eu\/es\/privacy-policy\/","og_site_name":"Fundaci\u00f3n Geolitho gGmbH","article_modified_time":"2026-04-07T11:42:39+00:00","twitter_card":"summary_large_image","twitter_misc":{"Tiempo de lectura":"7 minutos"},"schema":{"@context":"https:\/\/schema.org","@graph":[{"@type":"WebPage","@id":"https:\/\/www.geolitho.eu\/es\/privacy-policy\/","url":"https:\/\/www.geolitho.eu\/es\/privacy-policy\/","name":"Pol\u00edtica de privacidad - Fundaci\u00f3n Geolitho gGmbH","isPartOf":{"@id":"https:\/\/www.geolitho.eu\/es\/#website"},"datePublished":"2026-01-06T18:17:06+00:00","dateModified":"2026-04-07T11:42:39+00:00","breadcrumb":{"@id":"https:\/\/www.geolitho.eu\/es\/privacy-policy\/#breadcrumb"},"inLanguage":"es","potentialAction":[{"@type":"ReadAction","target":["https:\/\/www.geolitho.eu\/es\/privacy-policy\/"]}]},{"@type":"BreadcrumbList","@id":"https:\/\/www.geolitho.eu\/es\/privacy-policy\/#breadcrumb","itemListElement":[{"@type":"ListItem","position":1,"name":"Start","item":"https:\/\/www.geolitho.eu\/es\/"},{"@type":"ListItem","position":2,"name":"Pol\u00edtica de privacidad"}]},{"@type":"WebSite","@id":"https:\/\/www.geolitho.eu\/es\/#website","url":"https:\/\/www.geolitho.eu\/es\/","name":"Fundaci\u00f3n Geolitho gGmbH","description":"Geolitho \u2013 Mineralog\u00eda y geolog\u00eda para tocar y experimentar.","publisher":{"@id":"https:\/\/www.geolitho.eu\/es\/#organization"},"potentialAction":[{"@type":"SearchAction","target":{"@type":"EntryPoint","urlTemplate":"https:\/\/www.geolitho.eu\/es\/?s={search_term_string}"},"query-input":{"@type":"PropertyValueSpecification","valueRequired":true,"valueName":"search_term_string"}}],"inLanguage":"es"},{"@type":"Organization","@id":"https:\/\/www.geolitho.eu\/es\/#organization","name":"Fundaci\u00f3n Geolitho gGmbH","url":"https:\/\/www.geolitho.eu\/es\/","logo":{"@type":"ImageObject","inLanguage":"es","@id":"https:\/\/www.geolitho.eu\/es\/#\/schema\/logo\/image\/","url":"https:\/\/www.geolitho.eu\/es\/wp-content\/uploads\/sites\/5\/2026\/01\/geolitho-hellgrau.png","contentUrl":"https:\/\/www.geolitho.eu\/es\/wp-content\/uploads\/sites\/5\/2026\/01\/geolitho-hellgrau.png","width":900,"height":142,"caption":"Fundaci\u00f3n Geolitho gGmbH"},"image":{"@id":"https:\/\/www.geolitho.eu\/es\/#\/schema\/logo\/image\/"}}]}},"_links":{"self":[{"href":"https:\/\/www.geolitho.eu\/es\/wp-json\/wp\/v2\/pages\/123","targetHints":{"allow":["GET"]}}],"collection":[{"href":"https:\/\/www.geolitho.eu\/es\/wp-json\/wp\/v2\/pages"}],"about":[{"href":"https:\/\/www.geolitho.eu\/es\/wp-json\/wp\/v2\/types\/page"}],"author":[{"embeddable":true,"href":"https:\/\/www.geolitho.eu\/es\/wp-json\/wp\/v2\/users\/1"}],"replies":[{"embeddable":true,"href":"https:\/\/www.geolitho.eu\/es\/wp-json\/wp\/v2\/comments?post=123"}],"version-history":[{"count":4,"href":"https:\/\/www.geolitho.eu\/es\/wp-json\/wp\/v2\/pages\/123\/revisions"}],"predecessor-version":[{"id":217,"href":"https:\/\/www.geolitho.eu\/es\/wp-json\/wp\/v2\/pages\/123\/revisions\/217"}],"wp:attachment":[{"href":"https:\/\/www.geolitho.eu\/es\/wp-json\/wp\/v2\/media?parent=123"}],"curies":[{"name":"wp","href":"https:\/\/api.w.org\/{rel}","templated":true}]}}