{"id":127,"date":"2026-01-06T19:21:14","date_gmt":"2026-01-06T18:21:14","guid":{"rendered":"https:\/\/www.geolitho.eu\/es\/?page_id=127"},"modified":"2026-01-06T19:23:27","modified_gmt":"2026-01-06T18:23:27","slug":"prices-conditions","status":"publish","type":"page","link":"https:\/\/www.geolitho.eu\/es\/prices-conditions\/","title":{"rendered":"Costes \u2014 Financiaci\u00f3n"},"content":{"rendered":"\n<h3 class=\"wp-block-heading\" id=\"privatanwender\">Usuarios particulares<\/h3>\n\n\n\n<p><strong>El uso de la gesti\u00f3n de colec\u00adciones es, has\u00adta nue\u00advo avi\u00adso, gra\u00adtu\u00adito. A difer\u00aden\u00adcia de lo descrito a con\u00adtin\u00aduaci\u00f3n, el mod\u00ade\u00adlo de costes no se apli\u00adca actual\u00admente. Geolitho Stiftung gGmbH est\u00e1 bus\u00adcan\u00addo actual\u00admente v\u00edas para poder ofre\u00adcer este ser\u00advi\u00adcio de for\u00adma gra\u00adtui\u00adta tam\u00adbi\u00e9n en el futuro.<\/strong><\/p>\n\n\n\n<p><strong>En caso de que esto cam\u00adbie, infor\u00admare\u00admos a los usuar\u00adios. A par\u00adtir de ese momen\u00adto, dispon\u00addr\u00e1 de 12 meses antes de que el cam\u00adbio entre en vig\u00ador. Las expli\u00adca\u00adciones sigu\u00adientes son \u00fani\u00adca\u00admente infor\u00adma\u00adti\u00advas y refle\u00adjan los costes que se mues\u00adtran den\u00adtro de la colec\u00adci\u00f3n.<\/strong> <strong>Estos costes cad\u00adu\u00adcan y no ser\u00e1n fac\u00adtura\u00addos.<\/strong><\/p>\n\n\n\n<hr class=\"wp-block-separator has-css-opacity\">\n\n\n\n<p><strong>Las colec\u00adciones que util\u00adice como invi\u00adta\u00addo o como emplea\u00addo adi\u00adcional son gra\u00adtu\u00aditas para ust\u00aded.<\/strong><\/p>\n\n\n\n<h4 class=\"wp-block-heading\">Colecciones propias<\/h4>\n\n\n\n<p><strong>El primer a\u00f1o es, por prin\u00adci\u00adpio, gra\u00adtu\u00adito.<\/strong> Puede pro\u00adbar y uti\u00adlizar la gesti\u00f3n de colec\u00adciones de for\u00adma gra\u00adtui\u00adta durante el primer a\u00f1o. A par\u00adtir de un vol\u00adu\u00admen de datos de 5 giga\u00adbytes o de 10.000 obje\u00adtos de colec\u00adci\u00f3n, nos reser\u00adva\u00admos el dere\u00adcho de emi\u00adtir una fac\u00adtura de for\u00adma antic\u00adi\u00adpa\u00adda. El per\u00edo\u00addo del a\u00f1o gra\u00adtu\u00adito comien\u00adza con la creaci\u00f3n de la colec\u00adci\u00f3n, pero no antes del 01.04.2022.<\/p>\n\n\n\n<p>Tras el primer a\u00f1o, pagar\u00e1 el importe que se cal\u00adcule en fun\u00adci\u00f3n de su vol\u00adu\u00admen de datos, del n\u00famero de usuar\u00adios con per\u00admisos de escrit\u00adu\u00adra y del n\u00famero de reg\u00adistros, seg\u00fan la escala que se mues\u00adtra a con\u00adtin\u00aduaci\u00f3n. Este importe se paga por ade\u00adlan\u00adta\u00addo para el sigu\u00adiente a\u00f1o de uso. El pro\u00adce\u00adso se repite a\u00f1o tras a\u00f1o. Puede decidir has\u00adta el final de cada a\u00f1o si desea seguir uti\u00adlizan\u00addo nue\u00adstros ser\u00advi\u00adcios.<\/p>\n\n\n\n<h4 class=\"wp-block-heading\" id=\"kostenstaffel\">Escala de costes<\/h4>\n\n\n\n<figure class=\"wp-block-table is-style-stripes\"><table><thead><tr><th><strong>Des\u00adde obje\u00adto de colec\u00adci\u00f3n<\/strong><\/th><th><strong>Has\u00adta obje\u00adto de colec\u00adci\u00f3n<\/strong><\/th><th><strong>Importe en \u20ac (por a\u00f1o)<\/strong><\/th><\/tr><\/thead><tbody><tr><td>0<\/td><td>100<\/td><td>0,100<\/td><\/tr><tr><td>101<\/td><td>1000<\/td><td>0,025<\/td><\/tr><tr><td>1001<\/td><td>10000<\/td><td>0,010<\/td><\/tr><tr><td>10001<\/td><td>999999<\/td><td>0,005<\/td><\/tr><\/tbody><\/table><\/figure>\n\n\n\n<figure class=\"wp-block-table is-style-stripes\"><table><thead><tr><th><strong>Por cada giga\u00adbyte de espa\u00adcio en dis\u00adco ocu\u00adpa\u00addo por doc\u00adu\u00admen\u00adtos e im\u00e1\u00adgenes al a\u00f1o<\/strong><\/th><\/tr><\/thead><tbody><tr><td>6 \u20ac<\/td><\/tr><\/tbody><\/table><\/figure>\n\n\n\n<figure class=\"wp-block-table is-style-stripes\"><table><thead><tr><th><strong>Emplea\u00add\u00ados \/ usuar\u00adios adi\u00adcionales con acce\u00adso com\u00adple\u00adto o acce\u00adso de escrit\u00adu\u00adra lim\u00adi\u00adta\u00addo por a\u00f1o<\/strong><\/th><\/tr><\/thead><tbody><tr><td>10 \u20ac<\/td><\/tr><\/tbody><\/table><\/figure>\n\n\n\n<figure class=\"wp-block-table is-style-stripes\"><table><thead><tr><th><strong>Usuar\u00adios con acce\u00adso exclu\u00adsi\u00adva\u00admente de lec\u00adtura<\/strong><\/th><\/tr><\/thead><tbody><tr><td>gra\u00adtu\u00adito<\/td><\/tr><\/tbody><\/table><\/figure>\n\n\n\n<h3 class=\"wp-block-heading\" id=\"beispiele\">Ejemplos<\/h3>\n\n\n\n<h4 class=\"wp-block-heading\" id=\"rechenbeispiel_1\">Ejemplo de c\u00e1lculo 1<\/h4>\n\n\n\n<p>Ha reg\u00adistra\u00addo <strong>1.000<\/strong> obje\u00adtos de colec\u00adci\u00f3n, cada uno con una foto de 100 kB de tama\u00f1o.<\/p>\n\n\n\n<p>Los primeros 100 obje\u00adtos de colec\u00adci\u00f3n cues\u00adtan 10 \u20ac \/ a\u00f1o<br>\nLos obje\u00adtos de colec\u00adci\u00f3n 101\u20131.000 cues\u00adtan 22,5 \u20ac \/ a\u00f1o<br>\nEl espa\u00adcio en dis\u00adco asciende a 100 MB y a\u00fan no se fac\u00adtura.<\/p>\n\n\n\n<p>El coste total es de <strong>32,5 \u20ac<\/strong> al a\u00f1o.<\/p>\n\n\n\n<h4 class=\"wp-block-heading\" id=\"rechenbeispiel_2\">Ejemplo de c\u00e1lculo 2<\/h4>\n\n\n\n<p>Ha reg\u00adistra\u00addo <strong>10.000<\/strong> obje\u00adtos de colec\u00adci\u00f3n, cada uno con dos fotos de 100 kB de tama\u00f1o. Un usuario adi\u00adcional tiene per\u00admisos de escrit\u00adu\u00adra sobre su colec\u00adci\u00f3n.<\/p>\n\n\n\n<p>Los primeros 100 obje\u00adtos de colec\u00adci\u00f3n cues\u00adtan 10 \u20ac \/ a\u00f1o<br>\nLos obje\u00adtos de colec\u00adci\u00f3n 101\u20131.000 cues\u00adtan 22,5 \u20ac \/ a\u00f1o<br>\nLos obje\u00adtos de colec\u00adci\u00f3n 1.001\u201310.000 cues\u00adtan 90 \u20ac \/ a\u00f1o<br>\nEl espa\u00adcio en dis\u00adco asciende a 2.000 MB (2 giga\u00adbytes) y cues\u00adta 12 \u20ac \/ a\u00f1o.<br>\nEl usuario adi\u00adcional con per\u00admisos de escrit\u00adu\u00adra cues\u00adta 10 \u20ac al a\u00f1o.<\/p>\n\n\n\n<p>El coste total es de <strong>144,5 \u20ac<\/strong> al a\u00f1o.<\/p>\n\n\n\n<h3 class=\"wp-block-heading\" id=\"institutionelle_nutzer\">Usuarios institucionales<\/h3>\n\n\n\n<p>Los usuar\u00adios insti\u00adtu\u00adcionales deben pon\u00aderse en con\u00adtac\u00adto direc\u00adta\u00admente con nosotros.<\/p>\n\n\n\n<p>Sal\u00advo que se acuerde lo con\u00adtrario, se apli\u00adcan las condi\u00adciones para usuar\u00adios par\u00adtic\u00adu\u00adlares m\u00e1s el IVA cor\u00adre\u00adspon\u00addi\u00adente.<\/p>\n\n\n\n<h3 class=\"wp-block-heading\">\u00bfPresupuesto ajustado?<\/h3>\n\n\n\n<p>Como fun\u00addaci\u00f3n sin \u00e1ni\u00admo de lucro, nos sen\u00adti\u00admos oblig\u00ada\u00addos a per\u00admi\u00adtir el uso de nue\u00adstros ser\u00advi\u00adcios tam\u00adbi\u00e9n a ciu\u00addadanos con menores recur\u00adsos econ\u00f3mi\u00adcos. P\u00f3n\u00adgase en con\u00adtac\u00adto con nosotros; jun\u00adtos encon\u00adtraremos una solu\u00adci\u00f3n para ust\u00aded. Tratare\u00admos su con\u00adsul\u00adta con total dis\u00adcre\u00adci\u00f3n.<\/p>\n\n\n\n<h3 class=\"wp-block-heading\" id=\"allgemeines\">General<\/h3>\n\n\n\n<p>Dado que todos los ingre\u00adsos se des\u00adti\u00adnan a la real\u00adizaci\u00f3n de proyec\u00adtos geol\u00f3gi\u00adcos de inter\u00e9s p\u00fabli\u00adco, las dona\u00adciones son siem\u00adpre bien\u00advenidas.<\/p>\n","protected":false},"excerpt":{"rendered":"<p>Usuar\u00adios par\u00adtic\u00adu\u00adlares El uso de la gesti\u00f3n de colec\u00adciones es, has\u00adta nue\u00advo avi\u00adso, gra\u00adtu\u00adito. A difer\u00aden\u00adcia de lo descrito a con\u00adtin\u00aduaci\u00f3n, el mod\u00ade\u00adlo de costes no se apli\u00adca actual\u00admente. Geolitho Stiftung gGmbH est\u00e1 bus\u00adcan\u00addo actual\u00admente v\u00edas para poder ofre\u00adcer este ser\u00advi\u00adcio de for\u00adma gra\u00adtui\u00adta tam\u00adbi\u00e9n en el futuro. En caso de que esto cam\u00adbie, infor\u00admare\u00admos\u2026 <a class=\"more-link\" href=\"https:\/\/www.geolitho.eu\/es\/prices-conditions\/\">Seguir leyen\u00addo <span class=\"screen-reader-text\">Costes \u2014 Finan\u00adciaci\u00f3n<\/span><\/a><\/p>\n","protected":false},"author":1,"featured_media":0,"parent":0,"menu_order":0,"comment_status":"closed","ping_status":"closed","template":"","meta":{"wp_typography_post_enhancements_disabled":false,"footnotes":""},"class_list":["post-127","page","type-page","status-publish","hentry","entry"],"yoast_head":"<!-- This site is optimized with the Yoast SEO plugin v26.9 - https:\/\/yoast.com\/product\/yoast-seo-wordpress\/ -->\n<title>Costes - Financiaci\u00f3n - Fundaci\u00f3n Geolitho gGmbH<\/title>\n<meta name=\"robots\" content=\"index, follow, max-snippet:-1, max-image-preview:large, max-video-preview:-1\" \/>\n<link rel=\"canonical\" href=\"https:\/\/www.geolitho.eu\/es\/prices-conditions\/\" \/>\n<meta property=\"og:locale\" content=\"es_ES\" \/>\n<meta property=\"og:type\" content=\"article\" \/>\n<meta property=\"og:title\" content=\"Costes - Financiaci\u00f3n - Fundaci\u00f3n Geolitho gGmbH\" \/>\n<meta property=\"og:description\" content=\"Usuarios particulares El uso de la gesti\u00f3n de colec\u00adciones es, has\u00adta nue\u00advo avi\u00adso, gra\u00adtu\u00adito. A difer\u00aden\u00adcia de lo descrito a con\u00adtin\u00aduaci\u00f3n, el mod\u00ade\u00adlo de costes no se apli\u00adca actual\u00admente. Geolitho Stiftung gGmbH est\u00e1 bus\u00adcan\u00addo actual\u00admente v\u00edas para poder ofre\u00adcer este ser\u00advi\u00adcio de for\u00adma gra\u00adtui\u00adta tam\u00adbi\u00e9n en el futuro. En caso de que esto cam\u00adbie, infor\u00admare\u00admos&hellip; Seguir leyendo Costes \u2014 Financiaci\u00f3n\" \/>\n<meta property=\"og:url\" content=\"https:\/\/www.geolitho.eu\/es\/prices-conditions\/\" \/>\n<meta property=\"og:site_name\" content=\"Fundaci\u00f3n Geolitho gGmbH\" \/>\n<meta property=\"article:modified_time\" content=\"2026-01-06T18:23:27+00:00\" \/>\n<meta name=\"twitter:card\" content=\"summary_large_image\" \/>\n<meta name=\"twitter:label1\" content=\"Tiempo de lectura\" \/>\n\t<meta name=\"twitter:data1\" content=\"3 minutos\" \/>\n<script type=\"application\/ld+json\" class=\"yoast-schema-graph\">{\"@context\":\"https:\/\/schema.org\",\"@graph\":[{\"@type\":\"WebPage\",\"@id\":\"https:\/\/www.geolitho.eu\/es\/prices-conditions\/\",\"url\":\"https:\/\/www.geolitho.eu\/es\/prices-conditions\/\",\"name\":\"Costes - Financiaci\u00f3n - Fundaci\u00f3n Geolitho gGmbH\",\"isPartOf\":{\"@id\":\"https:\/\/www.geolitho.eu\/es\/#website\"},\"datePublished\":\"2026-01-06T18:21:14+00:00\",\"dateModified\":\"2026-01-06T18:23:27+00:00\",\"breadcrumb\":{\"@id\":\"https:\/\/www.geolitho.eu\/es\/prices-conditions\/#breadcrumb\"},\"inLanguage\":\"es\",\"potentialAction\":[{\"@type\":\"ReadAction\",\"target\":[\"https:\/\/www.geolitho.eu\/es\/prices-conditions\/\"]}]},{\"@type\":\"BreadcrumbList\",\"@id\":\"https:\/\/www.geolitho.eu\/es\/prices-conditions\/#breadcrumb\",\"itemListElement\":[{\"@type\":\"ListItem\",\"position\":1,\"name\":\"Start\",\"item\":\"https:\/\/www.geolitho.eu\/es\/\"},{\"@type\":\"ListItem\",\"position\":2,\"name\":\"Costes &#8211; Financiaci\u00f3n\"}]},{\"@type\":\"WebSite\",\"@id\":\"https:\/\/www.geolitho.eu\/es\/#website\",\"url\":\"https:\/\/www.geolitho.eu\/es\/\",\"name\":\"Fundaci\u00f3n Geolitho gGmbH\",\"description\":\"Geolitho \u2013 Mineralog\u00eda y geolog\u00eda para tocar y experimentar.\",\"publisher\":{\"@id\":\"https:\/\/www.geolitho.eu\/es\/#organization\"},\"potentialAction\":[{\"@type\":\"SearchAction\",\"target\":{\"@type\":\"EntryPoint\",\"urlTemplate\":\"https:\/\/www.geolitho.eu\/es\/?s={search_term_string}\"},\"query-input\":{\"@type\":\"PropertyValueSpecification\",\"valueRequired\":true,\"valueName\":\"search_term_string\"}}],\"inLanguage\":\"es\"},{\"@type\":\"Organization\",\"@id\":\"https:\/\/www.geolitho.eu\/es\/#organization\",\"name\":\"Fundaci\u00f3n Geolitho gGmbH\",\"url\":\"https:\/\/www.geolitho.eu\/es\/\",\"logo\":{\"@type\":\"ImageObject\",\"inLanguage\":\"es\",\"@id\":\"https:\/\/www.geolitho.eu\/es\/#\/schema\/logo\/image\/\",\"url\":\"https:\/\/www.geolitho.eu\/es\/wp-content\/uploads\/sites\/5\/2026\/01\/geolitho-hellgrau.png\",\"contentUrl\":\"https:\/\/www.geolitho.eu\/es\/wp-content\/uploads\/sites\/5\/2026\/01\/geolitho-hellgrau.png\",\"width\":900,\"height\":142,\"caption\":\"Fundaci\u00f3n Geolitho gGmbH\"},\"image\":{\"@id\":\"https:\/\/www.geolitho.eu\/es\/#\/schema\/logo\/image\/\"}}]}<\/script>\n<!-- \/ Yoast SEO plugin. -->","yoast_head_json":{"title":"Costes - Financiaci\u00f3n - Fundaci\u00f3n Geolitho gGmbH","robots":{"index":"index","follow":"follow","max-snippet":"max-snippet:-1","max-image-preview":"max-image-preview:large","max-video-preview":"max-video-preview:-1"},"canonical":"https:\/\/www.geolitho.eu\/es\/prices-conditions\/","og_locale":"es_ES","og_type":"article","og_title":"Costes - Financiaci\u00f3n - Fundaci\u00f3n Geolitho gGmbH","og_description":"Usuarios particulares El uso de la gesti\u00f3n de colec\u00adciones es, has\u00adta nue\u00advo avi\u00adso, gra\u00adtu\u00adito. A difer\u00aden\u00adcia de lo descrito a con\u00adtin\u00aduaci\u00f3n, el mod\u00ade\u00adlo de costes no se apli\u00adca actual\u00admente. Geolitho Stiftung gGmbH est\u00e1 bus\u00adcan\u00addo actual\u00admente v\u00edas para poder ofre\u00adcer este ser\u00advi\u00adcio de for\u00adma gra\u00adtui\u00adta tam\u00adbi\u00e9n en el futuro. En caso de que esto cam\u00adbie, infor\u00admare\u00admos&hellip; Seguir leyendo Costes \u2014 Financiaci\u00f3n","og_url":"https:\/\/www.geolitho.eu\/es\/prices-conditions\/","og_site_name":"Fundaci\u00f3n Geolitho gGmbH","article_modified_time":"2026-01-06T18:23:27+00:00","twitter_card":"summary_large_image","twitter_misc":{"Tiempo de lectura":"3 minutos"},"schema":{"@context":"https:\/\/schema.org","@graph":[{"@type":"WebPage","@id":"https:\/\/www.geolitho.eu\/es\/prices-conditions\/","url":"https:\/\/www.geolitho.eu\/es\/prices-conditions\/","name":"Costes - Financiaci\u00f3n - Fundaci\u00f3n Geolitho gGmbH","isPartOf":{"@id":"https:\/\/www.geolitho.eu\/es\/#website"},"datePublished":"2026-01-06T18:21:14+00:00","dateModified":"2026-01-06T18:23:27+00:00","breadcrumb":{"@id":"https:\/\/www.geolitho.eu\/es\/prices-conditions\/#breadcrumb"},"inLanguage":"es","potentialAction":[{"@type":"ReadAction","target":["https:\/\/www.geolitho.eu\/es\/prices-conditions\/"]}]},{"@type":"BreadcrumbList","@id":"https:\/\/www.geolitho.eu\/es\/prices-conditions\/#breadcrumb","itemListElement":[{"@type":"ListItem","position":1,"name":"Start","item":"https:\/\/www.geolitho.eu\/es\/"},{"@type":"ListItem","position":2,"name":"Costes &#8211; Financiaci\u00f3n"}]},{"@type":"WebSite","@id":"https:\/\/www.geolitho.eu\/es\/#website","url":"https:\/\/www.geolitho.eu\/es\/","name":"Fundaci\u00f3n Geolitho gGmbH","description":"Geolitho \u2013 Mineralog\u00eda y geolog\u00eda para tocar y experimentar.","publisher":{"@id":"https:\/\/www.geolitho.eu\/es\/#organization"},"potentialAction":[{"@type":"SearchAction","target":{"@type":"EntryPoint","urlTemplate":"https:\/\/www.geolitho.eu\/es\/?s={search_term_string}"},"query-input":{"@type":"PropertyValueSpecification","valueRequired":true,"valueName":"search_term_string"}}],"inLanguage":"es"},{"@type":"Organization","@id":"https:\/\/www.geolitho.eu\/es\/#organization","name":"Fundaci\u00f3n Geolitho gGmbH","url":"https:\/\/www.geolitho.eu\/es\/","logo":{"@type":"ImageObject","inLanguage":"es","@id":"https:\/\/www.geolitho.eu\/es\/#\/schema\/logo\/image\/","url":"https:\/\/www.geolitho.eu\/es\/wp-content\/uploads\/sites\/5\/2026\/01\/geolitho-hellgrau.png","contentUrl":"https:\/\/www.geolitho.eu\/es\/wp-content\/uploads\/sites\/5\/2026\/01\/geolitho-hellgrau.png","width":900,"height":142,"caption":"Fundaci\u00f3n Geolitho gGmbH"},"image":{"@id":"https:\/\/www.geolitho.eu\/es\/#\/schema\/logo\/image\/"}}]}},"_links":{"self":[{"href":"https:\/\/www.geolitho.eu\/es\/wp-json\/wp\/v2\/pages\/127","targetHints":{"allow":["GET"]}}],"collection":[{"href":"https:\/\/www.geolitho.eu\/es\/wp-json\/wp\/v2\/pages"}],"about":[{"href":"https:\/\/www.geolitho.eu\/es\/wp-json\/wp\/v2\/types\/page"}],"author":[{"embeddable":true,"href":"https:\/\/www.geolitho.eu\/es\/wp-json\/wp\/v2\/users\/1"}],"replies":[{"embeddable":true,"href":"https:\/\/www.geolitho.eu\/es\/wp-json\/wp\/v2\/comments?post=127"}],"version-history":[{"count":3,"href":"https:\/\/www.geolitho.eu\/es\/wp-json\/wp\/v2\/pages\/127\/revisions"}],"predecessor-version":[{"id":130,"href":"https:\/\/www.geolitho.eu\/es\/wp-json\/wp\/v2\/pages\/127\/revisions\/130"}],"wp:attachment":[{"href":"https:\/\/www.geolitho.eu\/es\/wp-json\/wp\/v2\/media?parent=127"}],"curies":[{"name":"wp","href":"https:\/\/api.w.org\/{rel}","templated":true}]}}