{"id":80,"date":"2026-01-15T17:16:19","date_gmt":"2026-01-15T16:16:19","guid":{"rendered":"https:\/\/www.geolitho.eu\/fr\/?page_id=80"},"modified":"2026-01-16T07:58:43","modified_gmt":"2026-01-16T06:58:43","slug":"couts-financement","status":"publish","type":"page","link":"https:\/\/www.geolitho.eu\/fr\/couts-financement\/","title":{"rendered":"Co\u00fbts \/ Financement"},"content":{"rendered":"\n<h3 class=\"wp-block-heading\" id=\"privatanwender\">Utilisateurs particuliers<\/h3>\n\n\n\n<p><strong>L\u2019utilisation de la ges\u00adtion des col\u00adlec\u00adtions est, jusqu\u2019\u00e0 nou\u00adv\u00adel ordre, gra\u00adtu\u00adite. Con\u00adtraire\u00adment aux expli\u00adca\u00adtions ci-dessous, le mod\u00ad\u00e8le tar\u00adi\u00adfaire ne s\u2019applique pas actuelle\u00adment. La Geolitho Stiftung gGmbH recherche actuelle\u00adment des solu\u00adtions afin de pou\u00advoir con\u00adtin\u00aduer \u00e0 vous pro\u00adpos\u00ader ce ser\u00advice gra\u00adtu\u00adite\u00adment \u00e0 l\u2019avenir.<\/strong><\/p>\n\n\n\n<p><strong>Si cette sit\u00adu\u00ada\u00adtion devait chang\u00ader, les util\u00adisa\u00adteurs en seront infor\u00adm\u00e9s. \u00c0 compter de cette infor\u00adma\u00adtion, vous dis\u00adposerez d\u2019un d\u00e9lai de 12 mois avant l\u2019entr\u00e9e en vigueur d\u2019une mod\u00adi\u00adfi\u00adca\u00adtion. Les expli\u00adca\u00adtions suiv\u00adantes sont don\u00adn\u00e9es \u00e0 titre infor\u00admatif et refl\u00e8\u00adtent les co\u00fbts affich\u00e9s dans la col\u00adlec\u00adtion.<\/strong> <strong>Ces co\u00fbts expirent et ne sont pas fac\u00adtur\u00e9s.<\/strong><\/p>\n\n\n\n<hr class=\"wp-block-separator has-css-opacity\">\n\n\n\n<p><strong>Les col\u00adlec\u00adtions que vous utilisez en tant qu\u2019invit\u00e9 ou col\u00adlab\u00ado\u00adra\u00adteur sup\u00adpl\u00e9\u00admen\u00adtaire sont gra\u00adtu\u00adites pour vous.<\/strong><\/p>\n\n\n\n<h4 class=\"wp-block-heading\">Collections personnelles<\/h4>\n\n\n\n<p><strong>La pre\u00admi\u00e8re ann\u00e9e est en principe gra\u00adtu\u00adite.<\/strong> Vous pou\u00advez tester et utilis\u00ader gra\u00adtu\u00adite\u00adment la ges\u00adtion des col\u00adlec\u00adtions pen\u00addant la pre\u00admi\u00e8re ann\u00e9e. \u00c0 par\u00adtir d\u2019un vol\u00adume de don\u00adn\u00e9es de 5 gigaoctets ou de 10&nbsp;000 objets de col\u00adlec\u00adtion, nous nous r\u00e9ser\u00advons le droit d\u2019\u00e9mettre une fac\u00adture anticip\u00e9e. La p\u00e9ri\u00adode de gra\u00adtu\u00adit\u00e9 com\u00admence avec la cr\u00e9a\u00adtion de la col\u00adlec\u00adtion, au plus t\u00f4t le 01\/04\/2022.<\/p>\n\n\n\n<p>Apr\u00e8s un an, vous payez le mon\u00adtant cal\u00adcul\u00e9 \u00e0 par\u00adtir de votre vol\u00adume de don\u00adn\u00e9es, du nom\u00adbre d\u2019utilisateurs dis\u00adposant de droits d\u2019\u00e9criture et du nom\u00adbre d\u2019enregistrements selon le bar\u00e8me ci-dessous. Ce mon\u00adtant est payable \u00e0 l\u2019avance pour l\u2019ann\u00e9e suiv\u00adante d\u2019utilisation. Le proces\u00adsus se r\u00e9p\u00e8te chaque ann\u00e9e. Vous pou\u00advez d\u00e9cider jusqu\u2019\u00e0 la fin de l\u2019ann\u00e9e con\u00adcern\u00e9e si vous souhaitez con\u00adtin\u00aduer \u00e0 utilis\u00ader nos ser\u00advices.<\/p>\n\n\n\n<h4 class=\"wp-block-heading\" id=\"kostenstaffel\">Bar\u00e8me des co\u00fbts<\/h4>\n\n\n\n<figure class=\"wp-block-table is-style-stripes\"><table>\n<thead>\n<tr>\n<th><strong>de (objets de col\u00adlec\u00adtion)<\/strong><\/th>\n<th><strong>\u00e0 (objets de col\u00adlec\u00adtion)<\/strong><\/th>\n<th><strong>Mon\u00adtant en \u20ac (par an)<\/strong><\/th>\n<\/tr>\n<\/thead>\n<tbody>\n<tr><td>0<\/td><td>100<\/td><td>0,100<\/td><\/tr>\n<tr><td>101<\/td><td>1&nbsp;000<\/td><td>0,025<\/td><\/tr>\n<tr><td>1&nbsp;001<\/td><td>10&nbsp;000<\/td><td>0,010<\/td><\/tr>\n<tr><td>10&nbsp;001<\/td><td>999&nbsp;999<\/td><td>0,005<\/td><\/tr>\n<\/tbody>\n<\/table><\/figure>\n\n\n\n<figure class=\"wp-block-table is-style-stripes\"><table>\n<thead>\n<tr>\n<th><strong>Par gigaoctet d\u2019espace disque util\u00adis\u00e9 pour les doc\u00adu\u00adments et images (par an)<\/strong><\/th>\n<\/tr>\n<\/thead>\n<tbody>\n<tr><td>6&nbsp;\u20ac<\/td><\/tr>\n<\/tbody>\n<\/table><\/figure>\n\n\n\n<figure class=\"wp-block-table is-style-stripes\"><table>\n<thead>\n<tr>\n<th><strong>Col\u00adlab\u00ado\u00adra\u00adteurs \/ util\u00adisa\u00adteurs sup\u00adpl\u00e9\u00admen\u00adtaires avec acc\u00e8s com\u00adplet ou droits d\u2019\u00e9criture lim\u00adit\u00e9s (par an)<\/strong><\/th>\n<\/tr>\n<\/thead>\n<tbody>\n<tr><td>10&nbsp;\u20ac<\/td><\/tr>\n<\/tbody>\n<\/table><\/figure>\n\n\n\n<figure class=\"wp-block-table is-style-stripes\"><table>\n<thead>\n<tr>\n<th><strong>Util\u00adisa\u00adteurs avec acc\u00e8s en lec\u00adture seule<\/strong><\/th>\n<\/tr>\n<\/thead>\n<tbody>\n<tr><td>gra\u00adtu\u00adit<\/td><\/tr>\n<\/tbody>\n<\/table><\/figure>\n\n\n\n<h3 class=\"wp-block-heading\" id=\"beispiele\">Exemples<\/h3>\n\n\n\n<h4 class=\"wp-block-heading\" id=\"rechenbeispiel_1\">Exemple de calcul&nbsp;1<\/h4>\n\n\n\n<p>Vous avez enreg\u00adistr\u00e9 <strong>1&nbsp;000<\/strong> objets de col\u00adlec\u00adtion avec une pho\u00adto de 100&nbsp;kO cha\u00adcun.<\/p>\n\n\n\n<p>Les 100 pre\u00admiers objets de col\u00adlec\u00adtion co\u00fb\u00adtent 10&nbsp;\u20ac \/ an<br>\nLes objets de col\u00adlec\u00adtion 101 \u00e0 1&nbsp;000 co\u00fb\u00adtent 22,5&nbsp;\u20ac \/ an<br>\nL\u2019espace disque util\u00adis\u00e9 est de 100&nbsp;Mo et n\u2019est pas encore fac\u00adtur\u00e9.<\/p>\n\n\n\n<p>Le co\u00fbt total s\u2019\u00e9l\u00e8ve \u00e0 <strong>32,5&nbsp;\u20ac<\/strong> par an.<\/p>\n\n\n\n<h4 class=\"wp-block-heading\" id=\"rechenbeispiel_2\">Exemple de calcul&nbsp;2<\/h4>\n\n\n\n<p>Vous avez enreg\u00adistr\u00e9 <strong>10&nbsp;000<\/strong> objets de col\u00adlec\u00adtion avec deux pho\u00adtos de 100&nbsp;kO cha\u00adcun. Un util\u00adisa\u00adteur sup\u00adpl\u00e9\u00admen\u00adtaire dis\u00adpose de droits d\u2019\u00e9criture sur votre col\u00adlec\u00adtion.<\/p>\n\n\n\n<p>Les 100 pre\u00admiers objets de col\u00adlec\u00adtion co\u00fb\u00adtent 10&nbsp;\u20ac \/ an<br>\nLes objets de col\u00adlec\u00adtion 101 \u00e0 1&nbsp;000 co\u00fb\u00adtent 22,5&nbsp;\u20ac \/ an<br>\nLes objets de col\u00adlec\u00adtion 1&nbsp;001 \u00e0 10&nbsp;000 co\u00fb\u00adtent 90&nbsp;\u20ac \/ an<br>\nL\u2019espace disque util\u00adis\u00e9 est de 2&nbsp;000&nbsp;Mo (2&nbsp;Go) et co\u00fbte 12&nbsp;\u20ac \/ an.<br>\nL\u2019utilisateur sup\u00adpl\u00e9\u00admen\u00adtaire avec droits d\u2019\u00e9criture co\u00fbte 10&nbsp;\u20ac par an.<\/p>\n\n\n\n<p>Le co\u00fbt total s\u2019\u00e9l\u00e8ve \u00e0 <strong>144,5&nbsp;\u20ac<\/strong> par an.<\/p>\n\n\n\n<h3 class=\"wp-block-heading\" id=\"institutionelle_nutzer\">Utilisateurs institutionnels<\/h3>\n\n\n\n<p>Les util\u00adisa\u00adteurs insti\u00adtu\u00adtion\u00adnels sont pri\u00e9s de nous con\u00adtac\u00adter directe\u00adment.<\/p>\n\n\n\n<p>Sauf accord con\u00adtraire, les con\u00addi\u00adtions applic\u00ada\u00adbles aux util\u00adisa\u00adteurs par\u00adti\u00adc\u00aduliers s\u2019appliquent, hors taxe sur la valeur ajout\u00e9e.<\/p>\n\n\n\n<h3 class=\"wp-block-heading\">Budget serr\u00e9&nbsp;?<\/h3>\n\n\n\n<p>En tant que fon\u00adda\u00adtion d\u2019utilit\u00e9 publique, nous esti\u00admons de notre devoir de per\u00adme\u00adt\u00adtre \u00e9gale\u00adment aux per\u00adson\u00adnes dis\u00adposant de moyens financiers lim\u00adit\u00e9s d\u2019utiliser nos ser\u00advices. N\u2019h\u00e9sitez pas \u00e0 nous con\u00adtac\u00adter&nbsp;: nous trou\u00adverons ensem\u00adble une solu\u00adtion. Votre demande sera trait\u00e9e de mani\u00e8re con\u00adfi\u00adden\u00adtielle.<\/p>\n\n\n\n<h3 class=\"wp-block-heading\" id=\"allgemeines\">G\u00e9n\u00e9ralit\u00e9s<\/h3>\n\n\n\n<p>\u00c9tant don\u00adn\u00e9 que toutes les recettes sont util\u00adis\u00e9es pour la r\u00e9al\u00adi\u00adsa\u00adtion de pro\u00adjets g\u00e9ologiques d\u2019int\u00e9r\u00eat g\u00e9n\u00e9ral, les dons sont tou\u00adjours les bien\u00advenus.<\/p>\n\n","protected":false},"excerpt":{"rendered":"<p>Util\u00adisa\u00adteurs par\u00adti\u00adc\u00aduliers L\u2019utilisation de la ges\u00adtion des col\u00adlec\u00adtions est, jusqu\u2019\u00e0 nou\u00adv\u00adel ordre, gra\u00adtu\u00adite. Con\u00adtraire\u00adment aux expli\u00adca\u00adtions ci-dessous, le mod\u00ad\u00e8le tar\u00adi\u00adfaire ne s\u2019applique pas actuelle\u00adment. La Geolitho Stiftung gGmbH recherche actuelle\u00adment des solu\u00adtions afin de pou\u00advoir con\u00adtin\u00aduer \u00e0 vous pro\u00adpos\u00ader ce ser\u00advice gra\u00adtu\u00adite\u00adment \u00e0 l\u2019avenir. Si cette sit\u00adu\u00ada\u00adtion devait chang\u00ader, les util\u00adisa\u00adteurs en seront infor\u00adm\u00e9s. \u00c0\u2026 <a class=\"more-link\" href=\"https:\/\/www.geolitho.eu\/fr\/couts-financement\/\">Pour\u00adsuiv\u00adre la lec\u00adture <span class=\"screen-reader-text\">Co\u00fbts \/ Finance\u00adment<\/span><\/a><\/p>\n","protected":false},"author":1,"featured_media":0,"parent":0,"menu_order":0,"comment_status":"closed","ping_status":"closed","template":"","meta":{"wp_typography_post_enhancements_disabled":false,"footnotes":""},"class_list":["post-80","page","type-page","status-publish","hentry","entry"],"yoast_head":"<!-- This site is optimized with the Yoast SEO plugin v26.9 - https:\/\/yoast.com\/product\/yoast-seo-wordpress\/ -->\n<title>Co\u00fbts \/ Financement - Fondation Geolitho gGmbH<\/title>\n<meta name=\"robots\" content=\"index, follow, max-snippet:-1, max-image-preview:large, max-video-preview:-1\" \/>\n<link rel=\"canonical\" href=\"https:\/\/www.geolitho.eu\/fr\/couts-financement\/\" \/>\n<meta property=\"og:locale\" content=\"fr_FR\" \/>\n<meta property=\"og:type\" content=\"article\" \/>\n<meta property=\"og:title\" content=\"Co\u00fbts \/ Financement - Fondation Geolitho gGmbH\" \/>\n<meta property=\"og:description\" content=\"Utilisateurs particuliers L\u2019utilisation de la ges\u00adtion des col\u00adlec\u00adtions est, jusqu\u2019\u00e0 nou\u00adv\u00adel ordre, gra\u00adtu\u00adite. Con\u00adtraire\u00adment aux expli\u00adca\u00adtions ci-dessous, le mod\u00ad\u00e8le tar\u00adi\u00adfaire ne s\u2019applique pas actuelle\u00adment. La Geolitho Stiftung gGmbH recherche actuelle\u00adment des solu\u00adtions afin de pou\u00advoir con\u00adtin\u00aduer \u00e0 vous pro\u00adpos\u00ader ce ser\u00advice gra\u00adtu\u00adite\u00adment \u00e0 l\u2019avenir. Si cette sit\u00adu\u00ada\u00adtion devait chang\u00ader, les util\u00adisa\u00adteurs en seront infor\u00adm\u00e9s. \u00c0&hellip; Poursuivre la lecture Co\u00fbts \/ Financement\" \/>\n<meta property=\"og:url\" content=\"https:\/\/www.geolitho.eu\/fr\/couts-financement\/\" \/>\n<meta property=\"og:site_name\" content=\"Fondation Geolitho gGmbH\" \/>\n<meta property=\"article:modified_time\" content=\"2026-01-16T06:58:43+00:00\" \/>\n<meta name=\"twitter:card\" content=\"summary_large_image\" \/>\n<meta name=\"twitter:label1\" content=\"Dur\u00e9e de lecture estim\u00e9e\" \/>\n\t<meta name=\"twitter:data1\" content=\"3 minutes\" \/>\n<script type=\"application\/ld+json\" class=\"yoast-schema-graph\">{\"@context\":\"https:\/\/schema.org\",\"@graph\":[{\"@type\":\"WebPage\",\"@id\":\"https:\/\/www.geolitho.eu\/fr\/couts-financement\/\",\"url\":\"https:\/\/www.geolitho.eu\/fr\/couts-financement\/\",\"name\":\"Co\u00fbts \/ Financement - Fondation Geolitho gGmbH\",\"isPartOf\":{\"@id\":\"https:\/\/www.geolitho.eu\/fr\/#website\"},\"datePublished\":\"2026-01-15T16:16:19+00:00\",\"dateModified\":\"2026-01-16T06:58:43+00:00\",\"breadcrumb\":{\"@id\":\"https:\/\/www.geolitho.eu\/fr\/couts-financement\/#breadcrumb\"},\"inLanguage\":\"fr-FR\",\"potentialAction\":[{\"@type\":\"ReadAction\",\"target\":[\"https:\/\/www.geolitho.eu\/fr\/couts-financement\/\"]}]},{\"@type\":\"BreadcrumbList\",\"@id\":\"https:\/\/www.geolitho.eu\/fr\/couts-financement\/#breadcrumb\",\"itemListElement\":[{\"@type\":\"ListItem\",\"position\":1,\"name\":\"Start\",\"item\":\"https:\/\/www.geolitho.eu\/fr\/\"},{\"@type\":\"ListItem\",\"position\":2,\"name\":\"Co\u00fbts \/ Financement\"}]},{\"@type\":\"WebSite\",\"@id\":\"https:\/\/www.geolitho.eu\/fr\/#website\",\"url\":\"https:\/\/www.geolitho.eu\/fr\/\",\"name\":\"Fondation Geolitho gGmbH\",\"description\":\"Geolitho \u2013 la min\u00e9ralogie et la g\u00e9ologie \u00e0 port\u00e9e de main.\",\"publisher\":{\"@id\":\"https:\/\/www.geolitho.eu\/fr\/#organization\"},\"potentialAction\":[{\"@type\":\"SearchAction\",\"target\":{\"@type\":\"EntryPoint\",\"urlTemplate\":\"https:\/\/www.geolitho.eu\/fr\/?s={search_term_string}\"},\"query-input\":{\"@type\":\"PropertyValueSpecification\",\"valueRequired\":true,\"valueName\":\"search_term_string\"}}],\"inLanguage\":\"fr-FR\"},{\"@type\":\"Organization\",\"@id\":\"https:\/\/www.geolitho.eu\/fr\/#organization\",\"name\":\"Fondation Geolitho gGmbH\",\"url\":\"https:\/\/www.geolitho.eu\/fr\/\",\"logo\":{\"@type\":\"ImageObject\",\"inLanguage\":\"fr-FR\",\"@id\":\"https:\/\/www.geolitho.eu\/fr\/#\/schema\/logo\/image\/\",\"url\":\"https:\/\/www.geolitho.eu\/fr\/wp-content\/uploads\/sites\/6\/2026\/01\/geolitho-hellgrau.png\",\"contentUrl\":\"https:\/\/www.geolitho.eu\/fr\/wp-content\/uploads\/sites\/6\/2026\/01\/geolitho-hellgrau.png\",\"width\":900,\"height\":142,\"caption\":\"Fondation Geolitho gGmbH\"},\"image\":{\"@id\":\"https:\/\/www.geolitho.eu\/fr\/#\/schema\/logo\/image\/\"}}]}<\/script>\n<!-- \/ Yoast SEO plugin. -->","yoast_head_json":{"title":"Co\u00fbts \/ Financement - Fondation Geolitho gGmbH","robots":{"index":"index","follow":"follow","max-snippet":"max-snippet:-1","max-image-preview":"max-image-preview:large","max-video-preview":"max-video-preview:-1"},"canonical":"https:\/\/www.geolitho.eu\/fr\/couts-financement\/","og_locale":"fr_FR","og_type":"article","og_title":"Co\u00fbts \/ Financement - Fondation Geolitho gGmbH","og_description":"Utilisateurs particuliers L\u2019utilisation de la ges\u00adtion des col\u00adlec\u00adtions est, jusqu\u2019\u00e0 nou\u00adv\u00adel ordre, gra\u00adtu\u00adite. Con\u00adtraire\u00adment aux expli\u00adca\u00adtions ci-dessous, le mod\u00ad\u00e8le tar\u00adi\u00adfaire ne s\u2019applique pas actuelle\u00adment. La Geolitho Stiftung gGmbH recherche actuelle\u00adment des solu\u00adtions afin de pou\u00advoir con\u00adtin\u00aduer \u00e0 vous pro\u00adpos\u00ader ce ser\u00advice gra\u00adtu\u00adite\u00adment \u00e0 l\u2019avenir. Si cette sit\u00adu\u00ada\u00adtion devait chang\u00ader, les util\u00adisa\u00adteurs en seront infor\u00adm\u00e9s. \u00c0&hellip; Poursuivre la lecture Co\u00fbts \/ Financement","og_url":"https:\/\/www.geolitho.eu\/fr\/couts-financement\/","og_site_name":"Fondation Geolitho gGmbH","article_modified_time":"2026-01-16T06:58:43+00:00","twitter_card":"summary_large_image","twitter_misc":{"Dur\u00e9e de lecture estim\u00e9e":"3 minutes"},"schema":{"@context":"https:\/\/schema.org","@graph":[{"@type":"WebPage","@id":"https:\/\/www.geolitho.eu\/fr\/couts-financement\/","url":"https:\/\/www.geolitho.eu\/fr\/couts-financement\/","name":"Co\u00fbts \/ Financement - Fondation Geolitho gGmbH","isPartOf":{"@id":"https:\/\/www.geolitho.eu\/fr\/#website"},"datePublished":"2026-01-15T16:16:19+00:00","dateModified":"2026-01-16T06:58:43+00:00","breadcrumb":{"@id":"https:\/\/www.geolitho.eu\/fr\/couts-financement\/#breadcrumb"},"inLanguage":"fr-FR","potentialAction":[{"@type":"ReadAction","target":["https:\/\/www.geolitho.eu\/fr\/couts-financement\/"]}]},{"@type":"BreadcrumbList","@id":"https:\/\/www.geolitho.eu\/fr\/couts-financement\/#breadcrumb","itemListElement":[{"@type":"ListItem","position":1,"name":"Start","item":"https:\/\/www.geolitho.eu\/fr\/"},{"@type":"ListItem","position":2,"name":"Co\u00fbts \/ Financement"}]},{"@type":"WebSite","@id":"https:\/\/www.geolitho.eu\/fr\/#website","url":"https:\/\/www.geolitho.eu\/fr\/","name":"Fondation Geolitho gGmbH","description":"Geolitho \u2013 la min\u00e9ralogie et la g\u00e9ologie \u00e0 port\u00e9e de main.","publisher":{"@id":"https:\/\/www.geolitho.eu\/fr\/#organization"},"potentialAction":[{"@type":"SearchAction","target":{"@type":"EntryPoint","urlTemplate":"https:\/\/www.geolitho.eu\/fr\/?s={search_term_string}"},"query-input":{"@type":"PropertyValueSpecification","valueRequired":true,"valueName":"search_term_string"}}],"inLanguage":"fr-FR"},{"@type":"Organization","@id":"https:\/\/www.geolitho.eu\/fr\/#organization","name":"Fondation Geolitho gGmbH","url":"https:\/\/www.geolitho.eu\/fr\/","logo":{"@type":"ImageObject","inLanguage":"fr-FR","@id":"https:\/\/www.geolitho.eu\/fr\/#\/schema\/logo\/image\/","url":"https:\/\/www.geolitho.eu\/fr\/wp-content\/uploads\/sites\/6\/2026\/01\/geolitho-hellgrau.png","contentUrl":"https:\/\/www.geolitho.eu\/fr\/wp-content\/uploads\/sites\/6\/2026\/01\/geolitho-hellgrau.png","width":900,"height":142,"caption":"Fondation Geolitho gGmbH"},"image":{"@id":"https:\/\/www.geolitho.eu\/fr\/#\/schema\/logo\/image\/"}}]}},"_links":{"self":[{"href":"https:\/\/www.geolitho.eu\/fr\/wp-json\/wp\/v2\/pages\/80","targetHints":{"allow":["GET"]}}],"collection":[{"href":"https:\/\/www.geolitho.eu\/fr\/wp-json\/wp\/v2\/pages"}],"about":[{"href":"https:\/\/www.geolitho.eu\/fr\/wp-json\/wp\/v2\/types\/page"}],"author":[{"embeddable":true,"href":"https:\/\/www.geolitho.eu\/fr\/wp-json\/wp\/v2\/users\/1"}],"replies":[{"embeddable":true,"href":"https:\/\/www.geolitho.eu\/fr\/wp-json\/wp\/v2\/comments?post=80"}],"version-history":[{"count":1,"href":"https:\/\/www.geolitho.eu\/fr\/wp-json\/wp\/v2\/pages\/80\/revisions"}],"predecessor-version":[{"id":81,"href":"https:\/\/www.geolitho.eu\/fr\/wp-json\/wp\/v2\/pages\/80\/revisions\/81"}],"wp:attachment":[{"href":"https:\/\/www.geolitho.eu\/fr\/wp-json\/wp\/v2\/media?parent=80"}],"curies":[{"name":"wp","href":"https:\/\/api.w.org\/{rel}","templated":true}]}}