{"id":82,"date":"2026-01-16T07:53:09","date_gmt":"2026-01-16T06:53:09","guid":{"rendered":"https:\/\/www.geolitho.eu\/fr\/?page_id=82"},"modified":"2026-01-16T09:06:06","modified_gmt":"2026-01-16T08:06:06","slug":"gestion-de-collections-geolitho","status":"publish","type":"page","link":"https:\/\/www.geolitho.eu\/fr\/gestion-de-collections-geolitho\/","title":{"rendered":"Gestion de collections Geolitho"},"content":{"rendered":"\n<p>La ges\u00adtion de col\u00adlec\u00adtions Geolitho est un out\u00adil mod\u00aderne des\u00adtin\u00e9 \u00e0 la saisie et \u00e0 la ges\u00adtion des don\u00adn\u00e9es d\u2019objets. Gr\u00e2ce \u00e0 un acc\u00e8s mon\u00addi\u00adal, la col\u00adlab\u00ado\u00adra\u00adtion avec les dona\u00adteurs est garantie. La saisie et la main\u00adte\u00adnance par\u00adal\u00adl\u00e8les per\u00adme\u00adt\u00adtent d\u2019utiliser la lithoth\u00e8que de n\u2019importe o\u00f9 et \u00e0 tout moment. Les don\u00adn\u00e9es sont acces\u00adsi\u00adbles \u00e0 tous.<\/p>\n\n\n\n<h2 class=\"wp-block-heading\">Fonctionnalit\u00e9s<\/h2>\n\n\n\n<ol class=\"wp-block-list\">\n<li>Disponible en alle\u00admand et en anglais (d\u2019autres langues sont pos\u00adsi\u00adbles)<\/li>\n\n\n\n<li>Vous pou\u00advez saisir vos textes en plusieurs langues.<\/li>\n\n\n\n<li>Ges\u00adtion de plusieurs col\u00adlec\u00adtions<\/li>\n\n\n\n<li>Nom\u00adbre qua\u00adsi illim\u00adit\u00e9 d\u2019objets de col\u00adlec\u00adtion par col\u00adlec\u00adtion<\/li>\n\n\n\n<li>S\u00e9lec\u00adtion de tous les min\u00e9raux con\u00adnus ain\u00adsi que de la plu\u00adpart des roches et fos\u00adsiles con\u00adnus, soit plus de 400&nbsp;000 entr\u00e9es au total.<\/li>\n\n\n\n<li>Pos\u00adsi\u00adbil\u00adit\u00e9 de cr\u00e9er des min\u00e9raux non offi\u00adciels par col\u00adlec\u00adtion. Des phas\u00ades encore incon\u00adnues peu\u00advent \u00eatre cr\u00e9\u00e9es.<\/li>\n\n\n\n<li>Attri\u00adbu\u00adtion de pro\u00adpri\u00e9t\u00e9s \u00e0 l\u2019aide d\u2019outils de s\u00e9lec\u00adtion (pipette de couleur \u00e0 par\u00adtir d\u2019une pho\u00adto, etc.). Habi\u00adtus, forme, UV, radioac\u00adtiv\u00adit\u00e9, qual\u00adit\u00e9, raret\u00e9 sur le site de d\u00e9cou\u00adverte, etc.<\/li>\n\n\n\n<li>S\u00e9lec\u00adtion de tous les sites du Min\u00ader\u00adalien\u00adat\u00adlas.<\/li>\n\n\n\n<li>Pos\u00adsi\u00adbil\u00adit\u00e9 de cr\u00e9er ses pro\u00adpres sites non r\u00e9per\u00adtori\u00e9s (sp\u00e9\u00adci\u00adfique \u00e0 chaque col\u00adlec\u00adtion)<\/li>\n\n\n\n<li>Syn\u00adchro\u00adni\u00adsa\u00adtion des sites nou\u00advelle\u00adment cr\u00e9\u00e9s avec le Min\u00ader\u00adalien\u00adat\u00adlas<\/li>\n\n\n\n<li>Int\u00e9\u00adgra\u00adtion de doc\u00adu\u00adments et d\u2019images (images g\u00e9n\u00e9rales, don\u00adn\u00e9es d\u2019analyse, doc\u00adu\u00adments per\u00adson\u00adnels, etc.)<\/li>\n\n\n\n<li>Cr\u00e9a\u00adtion, ges\u00adtion et impres\u00adsion d\u2019\u00e9tiquettes avec code QR (con\u00adfig\u00adurables, types d\u2019\u00e9tiquettes courants pr\u00e9d\u00e9fi\u00adnis)<\/li>\n\n\n\n<li>Attri\u00adbu\u00adtion de mots-cl\u00e9s, mar\u00adqueurs et signets au sein d\u2019une col\u00adlec\u00adtion et \u00e9gale\u00adment entre dif\u00adf\u00e9rentes col\u00adlec\u00adtions<\/li>\n\n\n\n<li>Ges\u00adtion des con\u00adtacts pro\u00adpre \u00e0 chaque col\u00adlec\u00adtion avec pi\u00e8ces jointes<\/li>\n\n\n\n<li>Cr\u00e9a\u00adtion et attri\u00adbu\u00adtion de solu\u00adtions de stock\u00adage (armoire, tiroir)<\/li>\n\n\n\n<li>Jour\u00adnal de tous les \u00e9v\u00e9ne\u00adments relat\u00adifs \u00e0 un objet de col\u00adlec\u00adtion<\/li>\n\n\n\n<li>Acc\u00e8s mul\u00adti-util\u00adisa\u00adteurs, tra\u00advail en \u00e9quipe<\/li>\n\n\n\n<li>Ges\u00adtion des autori\u00adsa\u00adtions : qui peut lire, \u00e9crire, sup\u00adprimer, effectuer des mod\u00adi\u00adfi\u00adca\u00adtions en masse&nbsp;?<\/li>\n\n\n\n<li>Fonc\u00adtions de recherche avec recherche plein texte syn\u00adtax\u00adique et de nom\u00adbreux autres crit\u00e8res, par exem\u00adple affichage de tous les objets d\u2019une r\u00e9gion, objets avec images, par \u00e9v\u00e9ne\u00adments et p\u00e9ri\u00adodes, etc.<\/li>\n\n\n\n<li>Cr\u00e9a\u00adtion de listes d\u2019erreurs et d\u2019inventaire, par sys\u00adt\u00e9\u00adma\u00adtique et par sites, etc.<\/li>\n\n\n\n<li>G\u00e9n\u00e9ra\u00adtion de fichiers .pdf pour le partage ou l\u2019archivage<\/li>\n\n\n\n<li>Copie d\u2019entr\u00e9es d\u2019objets entre col\u00adlec\u00adtions<\/li>\n\n\n\n<li>His\u00adtorique des mod\u00adi\u00adfi\u00adca\u00adtions<\/li>\n\n\n\n<li>et bien plus encore\u2026<\/li>\n<\/ol>\n\n\n\n<div class=\"wp-block-columns is-layout-flex wp-container-core-columns-is-layout-9d6595d7 wp-block-columns-is-layout-flex\">\n<div class=\"wp-block-column is-layout-flow wp-block-column-is-layout-flow\">\n<p>Quelques impres\u00adsions de l\u2019apparence du pro\u00adgramme vous sont don\u00adn\u00e9es par les cap\u00adtures d\u2019\u00e9cran.<br><br>Cliquez sur l\u2019image pour l\u2019agrandir.<\/p>\n<\/div>\n\n\n\n<div class=\"wp-block-column is-layout-flow wp-block-column-is-layout-flow\">\n<div class=\"wp-block-responsive-lightbox-gallery\"><div class=\"rl-gallery-container splide rl-loading\" id=\"rl-gallery-container-1\" data-gallery_id=\"92\"> <div class=\"rl-gallery rl-basicslider-gallery splide__track rl-hover-effect-1\" id=\"rl-gallery-1\" data-gallery_no=\"1\"> <ul class=\"splide__list\"> <li class=\"rl-gallery-item splide__slide\" data-thumb=\"https:\/\/www.geolitho.eu\/fr\/wp-content\/uploads\/sites\/6\/2026\/01\/Uebersicht.pg_.png\"> <a href=\"https:\/\/www.geolitho.eu\/fr\/wp-content\/uploads\/sites\/6\/2026\/01\/Uebersicht.pg_-829x1024.png\" title data-rl_title class=\"rl-gallery-link\" data-rl_caption data-rel=\"lightbox-gallery-1\"><img loading=\"lazy\" decoding=\"async\" src=\"https:\/\/www.geolitho.eu\/fr\/wp-content\/uploads\/sites\/6\/2026\/01\/Uebersicht.pg_.png\" width=\"1071\" height=\"1323\" alt><\/a> <\/li> <li class=\"rl-gallery-item splide__slide\" data-thumb=\"https:\/\/www.geolitho.eu\/fr\/wp-content\/uploads\/sites\/6\/2026\/01\/Uebersicht1.png\"> <a href=\"https:\/\/www.geolitho.eu\/fr\/wp-content\/uploads\/sites\/6\/2026\/01\/Uebersicht1-793x1024.png\" title data-rl_title class=\"rl-gallery-link\" data-rl_caption data-rel=\"lightbox-gallery-1\"><img loading=\"lazy\" decoding=\"async\" src=\"https:\/\/www.geolitho.eu\/fr\/wp-content\/uploads\/sites\/6\/2026\/01\/Uebersicht1.png\" width=\"1085\" height=\"1401\" alt><\/a> <\/li> <li class=\"rl-gallery-item splide__slide\" data-thumb=\"https:\/\/www.geolitho.eu\/fr\/wp-content\/uploads\/sites\/6\/2026\/01\/Dataset.png\"> <a href=\"https:\/\/www.geolitho.eu\/fr\/wp-content\/uploads\/sites\/6\/2026\/01\/Dataset-906x1024.png\" title data-rl_title class=\"rl-gallery-link\" data-rl_caption data-rel=\"lightbox-gallery-1\"><img loading=\"lazy\" decoding=\"async\" src=\"https:\/\/www.geolitho.eu\/fr\/wp-content\/uploads\/sites\/6\/2026\/01\/Dataset.png\" width=\"913\" height=\"1032\" alt><\/a> <\/li> <li class=\"rl-gallery-item splide__slide\" data-thumb=\"https:\/\/www.geolitho.eu\/fr\/wp-content\/uploads\/sites\/6\/2026\/01\/rock.png\"> <a href=\"https:\/\/www.geolitho.eu\/fr\/wp-content\/uploads\/sites\/6\/2026\/01\/rock-919x1024.png\" title data-rl_title class=\"rl-gallery-link\" data-rl_caption data-rel=\"lightbox-gallery-1\"><img loading=\"lazy\" decoding=\"async\" src=\"https:\/\/www.geolitho.eu\/fr\/wp-content\/uploads\/sites\/6\/2026\/01\/rock.png\" width=\"1115\" height=\"1242\" alt><\/a> <\/li> <li class=\"rl-gallery-item splide__slide\" data-thumb=\"https:\/\/www.geolitho.eu\/fr\/wp-content\/uploads\/sites\/6\/2026\/01\/mineraldata.png\"> <a href=\"https:\/\/www.geolitho.eu\/fr\/wp-content\/uploads\/sites\/6\/2026\/01\/mineraldata-782x1024.png\" title data-rl_title class=\"rl-gallery-link\" data-rl_caption data-rel=\"lightbox-gallery-1\"><img loading=\"lazy\" decoding=\"async\" src=\"https:\/\/www.geolitho.eu\/fr\/wp-content\/uploads\/sites\/6\/2026\/01\/mineraldata.png\" width=\"916\" height=\"1200\" alt><\/a> <\/li> <li class=\"rl-gallery-item splide__slide\" data-thumb=\"https:\/\/www.geolitho.eu\/fr\/wp-content\/uploads\/sites\/6\/2026\/01\/Assign-mineral.png\"> <a href=\"https:\/\/www.geolitho.eu\/fr\/wp-content\/uploads\/sites\/6\/2026\/01\/Assign-mineral.png\" title data-rl_title class=\"rl-gallery-link\" data-rl_caption data-rel=\"lightbox-gallery-1\"><img loading=\"lazy\" decoding=\"async\" src=\"https:\/\/www.geolitho.eu\/fr\/wp-content\/uploads\/sites\/6\/2026\/01\/Assign-mineral.png\" width=\"918\" height=\"525\" alt><\/a> <\/li> <li class=\"rl-gallery-item splide__slide\" data-thumb=\"https:\/\/www.geolitho.eu\/fr\/wp-content\/uploads\/sites\/6\/2026\/01\/Unbenannt1.png\"> <a href=\"https:\/\/www.geolitho.eu\/fr\/wp-content\/uploads\/sites\/6\/2026\/01\/Unbenannt1-1024x706.png\" title data-rl_title class=\"rl-gallery-link\" data-rl_caption data-rel=\"lightbox-gallery-1\"><img loading=\"lazy\" decoding=\"async\" src=\"https:\/\/www.geolitho.eu\/fr\/wp-content\/uploads\/sites\/6\/2026\/01\/Unbenannt1.png\" width=\"1047\" height=\"722\" alt><\/a> <\/li> <li class=\"rl-gallery-item splide__slide\" data-thumb=\"https:\/\/www.geolitho.eu\/fr\/wp-content\/uploads\/sites\/6\/2026\/01\/Staorage.png\"> <a href=\"https:\/\/www.geolitho.eu\/fr\/wp-content\/uploads\/sites\/6\/2026\/01\/Staorage.png\" title data-rl_title class=\"rl-gallery-link\" data-rl_caption data-rel=\"lightbox-gallery-1\"><img loading=\"lazy\" decoding=\"async\" src=\"https:\/\/www.geolitho.eu\/fr\/wp-content\/uploads\/sites\/6\/2026\/01\/Staorage.png\" width=\"916\" height=\"1008\" alt><\/a> <\/li> <li class=\"rl-gallery-item splide__slide\" data-thumb=\"https:\/\/www.geolitho.eu\/fr\/wp-content\/uploads\/sites\/6\/2026\/01\/serch.png\"> <a href=\"https:\/\/www.geolitho.eu\/fr\/wp-content\/uploads\/sites\/6\/2026\/01\/serch.png\" title data-rl_title class=\"rl-gallery-link\" data-rl_caption data-rel=\"lightbox-gallery-1\"><img loading=\"lazy\" decoding=\"async\" src=\"https:\/\/www.geolitho.eu\/fr\/wp-content\/uploads\/sites\/6\/2026\/01\/serch.png\" width=\"943\" height=\"1019\" alt><\/a> <\/li> <li class=\"rl-gallery-item splide__slide\" data-thumb=\"https:\/\/www.geolitho.eu\/fr\/wp-content\/uploads\/sites\/6\/2026\/01\/customize.png\"> <a href=\"https:\/\/www.geolitho.eu\/fr\/wp-content\/uploads\/sites\/6\/2026\/01\/customize.png\" title data-rl_title class=\"rl-gallery-link\" data-rl_caption data-rel=\"lightbox-gallery-1\"><img loading=\"lazy\" decoding=\"async\" src=\"https:\/\/www.geolitho.eu\/fr\/wp-content\/uploads\/sites\/6\/2026\/01\/customize.png\" width=\"946\" height=\"945\" alt><\/a> <\/li> <li class=\"rl-gallery-item splide__slide\" data-thumb=\"https:\/\/www.geolitho.eu\/fr\/wp-content\/uploads\/sites\/6\/2026\/01\/availlable-location.png\"> <a href=\"https:\/\/www.geolitho.eu\/fr\/wp-content\/uploads\/sites\/6\/2026\/01\/availlable-location.png\" title data-rl_title class=\"rl-gallery-link\" data-rl_caption data-rel=\"lightbox-gallery-1\"><img loading=\"lazy\" decoding=\"async\" src=\"https:\/\/www.geolitho.eu\/fr\/wp-content\/uploads\/sites\/6\/2026\/01\/availlable-location.png\" width=\"928\" height=\"1000\" alt><\/a> <\/li> <li class=\"rl-gallery-item splide__slide\" data-thumb=\"https:\/\/www.geolitho.eu\/fr\/wp-content\/uploads\/sites\/6\/2026\/01\/additional.png\"> <a href=\"https:\/\/www.geolitho.eu\/fr\/wp-content\/uploads\/sites\/6\/2026\/01\/additional-898x1024.png\" title data-rl_title class=\"rl-gallery-link\" data-rl_caption data-rel=\"lightbox-gallery-1\"><img loading=\"lazy\" decoding=\"async\" src=\"https:\/\/www.geolitho.eu\/fr\/wp-content\/uploads\/sites\/6\/2026\/01\/additional.png\" width=\"911\" height=\"1039\" alt><\/a> <\/li> <li class=\"rl-gallery-item splide__slide\" data-thumb=\"https:\/\/www.geolitho.eu\/fr\/wp-content\/uploads\/sites\/6\/2026\/01\/boxes.png\"> <a href=\"https:\/\/www.geolitho.eu\/fr\/wp-content\/uploads\/sites\/6\/2026\/01\/boxes-1024x935.png\" title data-rl_title class=\"rl-gallery-link\" data-rl_caption data-rel=\"lightbox-gallery-1\"><img loading=\"lazy\" decoding=\"async\" src=\"https:\/\/www.geolitho.eu\/fr\/wp-content\/uploads\/sites\/6\/2026\/01\/boxes.png\" width=\"1080\" height=\"986\" alt><\/a> <\/li> <li class=\"rl-gallery-item splide__slide\" data-thumb=\"https:\/\/www.geolitho.eu\/fr\/wp-content\/uploads\/sites\/6\/2026\/01\/bulk.png\"> <a href=\"https:\/\/www.geolitho.eu\/fr\/wp-content\/uploads\/sites\/6\/2026\/01\/bulk-1024x981.png\" title data-rl_title class=\"rl-gallery-link\" data-rl_caption data-rel=\"lightbox-gallery-1\"><img loading=\"lazy\" decoding=\"async\" src=\"https:\/\/www.geolitho.eu\/fr\/wp-content\/uploads\/sites\/6\/2026\/01\/bulk.png\" width=\"1078\" height=\"1033\" alt><\/a> <\/li> <li class=\"rl-gallery-item splide__slide\" data-thumb=\"https:\/\/www.geolitho.eu\/fr\/wp-content\/uploads\/sites\/6\/2026\/01\/lables.png\"> <a href=\"https:\/\/www.geolitho.eu\/fr\/wp-content\/uploads\/sites\/6\/2026\/01\/lables-911x1024.png\" title data-rl_title class=\"rl-gallery-link\" data-rl_caption data-rel=\"lightbox-gallery-1\"><img loading=\"lazy\" decoding=\"async\" src=\"https:\/\/www.geolitho.eu\/fr\/wp-content\/uploads\/sites\/6\/2026\/01\/lables.png\" width=\"1075\" height=\"1208\" alt><\/a> <\/li> <li class=\"rl-gallery-item splide__slide\" data-thumb=\"https:\/\/www.geolitho.eu\/fr\/wp-content\/uploads\/sites\/6\/2026\/01\/pdf.png\"> <a href=\"https:\/\/www.geolitho.eu\/fr\/wp-content\/uploads\/sites\/6\/2026\/01\/pdf.png\" title data-rl_title class=\"rl-gallery-link\" data-rl_caption data-rel=\"lightbox-gallery-1\"><img loading=\"lazy\" decoding=\"async\" src=\"https:\/\/www.geolitho.eu\/fr\/wp-content\/uploads\/sites\/6\/2026\/01\/pdf.png\" width=\"1005\" height=\"993\" alt><\/a> <\/li> <li class=\"rl-gallery-item splide__slide\" data-thumb=\"https:\/\/www.geolitho.eu\/fr\/wp-content\/uploads\/sites\/6\/2026\/01\/Collecton.png\"> <a href=\"https:\/\/www.geolitho.eu\/fr\/wp-content\/uploads\/sites\/6\/2026\/01\/Collecton.png\" title data-rl_title class=\"rl-gallery-link\" data-rl_caption data-rel=\"lightbox-gallery-1\"><img loading=\"lazy\" decoding=\"async\" src=\"https:\/\/www.geolitho.eu\/fr\/wp-content\/uploads\/sites\/6\/2026\/01\/Collecton.png\" width=\"880\" height=\"573\" alt><\/a> <\/li> <li class=\"rl-gallery-item splide__slide\" data-thumb=\"https:\/\/www.geolitho.eu\/fr\/wp-content\/uploads\/sites\/6\/2026\/01\/Overview.png\"> <a href=\"https:\/\/www.geolitho.eu\/fr\/wp-content\/uploads\/sites\/6\/2026\/01\/Overview.png\" title data-rl_title class=\"rl-gallery-link\" data-rl_caption data-rel=\"lightbox-gallery-1\"><img loading=\"lazy\" decoding=\"async\" src=\"https:\/\/www.geolitho.eu\/fr\/wp-content\/uploads\/sites\/6\/2026\/01\/Overview.png\" width=\"902\" height=\"678\" alt><\/a> <\/li> <li class=\"rl-gallery-item splide__slide\" data-thumb=\"https:\/\/www.geolitho.eu\/fr\/wp-content\/uploads\/sites\/6\/2026\/01\/Unbenannt.png\"> <a href=\"https:\/\/www.geolitho.eu\/fr\/wp-content\/uploads\/sites\/6\/2026\/01\/Unbenannt-1024x678.png\" title data-rl_title class=\"rl-gallery-link\" data-rl_caption data-rel=\"lightbox-gallery-1\"><img loading=\"lazy\" decoding=\"async\" src=\"https:\/\/www.geolitho.eu\/fr\/wp-content\/uploads\/sites\/6\/2026\/01\/Unbenannt.png\" width=\"1028\" height=\"681\" alt><\/a> <\/li> <\/ul> <\/div> <\/div><\/div>\n<\/div>\n<\/div>\n\n\n\n<h3 class=\"wp-block-heading\">Tarification<\/h3>\n\n\n\n<p>Actuelle\u00adment, nous met\u00adtons notre ser\u00advice gra\u00adtu\u00adite\u00adment \u00e0 dis\u00adpo\u00adsi\u00adtion. Les mon\u00adtants indiqu\u00e9s sous Co\u00fbts \u2013 Finance\u00adment ne sont pas appliqu\u00e9s et sont pour l\u2019instant pure\u00adment infor\u00admat\u00adifs.<\/p>\n\n\n\n<p><a href=\"https:\/\/www.geolitho.eu\/fr\/couts-financement\">Co\u00fbts \u2014 Finance\u00adment<\/a><\/p>\n\n\n\n<p><a href=\"https:\/\/www.geolitho.eu\/download\/agb\/agb-geolitho.pdf\">Con\u00addi\u00adtions g\u00e9n\u00e9rales (CGV)<\/a><\/p>\n\n\n\n<h3 class=\"wp-block-heading\" id=\"erstellen_von_sammlungen\">Cr\u00e9ation de collections<\/h3>\n\n\n\n<p>Vous pou\u00advez g\u00e9r\u00ader plusieurs col\u00adlec\u00adtions. Il est pos\u00adsi\u00adble de col\u00adla\u00adbor\u00ader \u00e0 d\u2019autres col\u00adlec\u00adtions et de par\u00adticiper \u00e0 d\u2019autres unique\u00adment en tant qu\u2019observateur. Vous pou\u00advez regrouper vos objets en col\u00adlec\u00adtions si cela vous sem\u00adble per\u00adti\u00adnent. Il serait par exem\u00adple pos\u00adsi\u00adble d\u2019avoir une col\u00adlec\u00adtion pour un site sp\u00e9\u00adci\u00adfique et une col\u00adlec\u00adtion sys\u00adt\u00e9\u00adma\u00adtique.<\/p>\n\n\n\n<p>Une struc\u00adtura\u00adtion logique peut \u00e9gale\u00adment \u00eatre r\u00e9al\u00adis\u00e9e \u00e0 l\u2019aide de mots-cl\u00e9s et de mar\u00adqueurs.<\/p>\n\n\n\n<h3 class=\"wp-block-heading\" id=\"erstellen_von_objekten_in_der_sammlung\">Cr\u00e9ation d\u2019objets dans la collection<\/h3>\n\n\n\n<p>Vous pou\u00advez cr\u00e9er dans chaque col\u00adlec\u00adtion un nom\u00adbre qua\u00adsi\u00adment illim\u00adit\u00e9 d\u2019objets de col\u00adlec\u00adtion.<\/p>\n\n\n\n<p>\u00c0 chaque objet de col\u00adlec\u00adtion peu\u00advent \u00eatre asso\u00adci\u00e9es de nom\u00adbreuses pro\u00adpri\u00e9t\u00e9s. \u00c0 cet effet, des dia\u00adlogues \u00e9ten\u00addus et des don\u00adn\u00e9es pr\u00e9d\u00e9finies sont disponibles. En out\u00adre, des images et des doc\u00adu\u00adments peu\u00advent \u00eatre joints et affich\u00e9s, y com\u00adpris de mani\u00e8re indi\u00advidu\u00adelle pour chaque analyse. Vous pou\u00advez associ\u00ader plusieurs types d\u2019\u00e9tiquettes \u00e0 chaque objet&nbsp;; les types courants sont d\u00e9j\u00e0 pr\u00e9d\u00e9fi\u00adnis. Chaque objet dis\u00adpose de son pro\u00adpre his\u00adtorique afin de doc\u00adu\u00admenter de mani\u00e8re exhaus\u00adtive ce qui est arriv\u00e9 \u00e0 l\u2019objet de col\u00adlec\u00adtion jusqu\u2019\u00e0 ce jour.<\/p>\n\n\n\n<h3 class=\"wp-block-heading\" id=\"datenaustausch\">\u00c9change de donn\u00e9es<\/h3>\n\n\n\n<p>Vous pou\u00advez copi\u00ader des objets de col\u00adlec\u00adtion entre dif\u00adf\u00e9rentes col\u00adlec\u00adtions. Un tout nou\u00adv\u00adel enreg\u00adistrement est alors cr\u00e9\u00e9 avec toutes les infor\u00adma\u00adtions asso\u00adci\u00e9es. Le num\u00e9ro unique de col\u00adlec\u00adtion reste iden\u00adtique. Le des\u00adti\u00adnataire de la copie peut apporter des mod\u00adi\u00adfi\u00adca\u00adtions \u00e0 celle-ci sans que cela n\u2019ait d\u2019impact sur l\u2019original. Ceci est impor\u00adtant, par exem\u00adple, en cas de vente ou de trans\u00admis\u00adsion d\u2019objets issus de la col\u00adlec\u00adtion.<\/p>\n\n\n\n<p>Vous pou\u00advez \u00e9gale\u00adment trans\u00admet\u00adtre les enreg\u00adistrements de votre col\u00adlec\u00adtion au for\u00admat .pdf.<\/p>\n","protected":false},"excerpt":{"rendered":"<p>La ges\u00adtion de col\u00adlec\u00adtions Geolitho est un out\u00adil mod\u00aderne des\u00adtin\u00e9 \u00e0 la saisie et \u00e0 la ges\u00adtion des don\u00adn\u00e9es d\u2019objets. Gr\u00e2ce \u00e0 un acc\u00e8s mon\u00addi\u00adal, la col\u00adlab\u00ado\u00adra\u00adtion avec les dona\u00adteurs est garantie. La saisie et la main\u00adte\u00adnance par\u00adal\u00adl\u00e8les per\u00adme\u00adt\u00adtent d\u2019utiliser la lithoth\u00e8que de n\u2019importe o\u00f9 et \u00e0 tout moment. Les don\u00adn\u00e9es sont acces\u00adsi\u00adbles \u00e0 tous.\u2026 <a class=\"more-link\" href=\"https:\/\/www.geolitho.eu\/fr\/gestion-de-collections-geolitho\/\">Pour\u00adsuiv\u00adre la lec\u00adture <span class=\"screen-reader-text\">Ges\u00adtion de col\u00adlec\u00adtions Geolitho<\/span><\/a><\/p>\n","protected":false},"author":1,"featured_media":0,"parent":0,"menu_order":0,"comment_status":"closed","ping_status":"closed","template":"","meta":{"wp_typography_post_enhancements_disabled":false,"footnotes":""},"class_list":["post-82","page","type-page","status-publish","hentry","entry"],"yoast_head":"<!-- This site is optimized with the Yoast SEO plugin v26.9 - https:\/\/yoast.com\/product\/yoast-seo-wordpress\/ -->\n<title>Gestion de collections Geolitho - Fondation Geolitho gGmbH<\/title>\n<meta name=\"robots\" content=\"index, follow, max-snippet:-1, max-image-preview:large, max-video-preview:-1\" \/>\n<link rel=\"canonical\" href=\"https:\/\/www.geolitho.eu\/fr\/gestion-de-collections-geolitho\/\" \/>\n<meta property=\"og:locale\" content=\"fr_FR\" \/>\n<meta property=\"og:type\" content=\"article\" \/>\n<meta property=\"og:title\" content=\"Gestion de collections Geolitho - Fondation Geolitho gGmbH\" \/>\n<meta property=\"og:description\" content=\"La ges\u00adtion de col\u00adlec\u00adtions Geolitho est un out\u00adil mod\u00aderne des\u00adtin\u00e9 \u00e0 la saisie et \u00e0 la ges\u00adtion des don\u00adn\u00e9es d\u2019objets. Gr\u00e2ce \u00e0 un acc\u00e8s mon\u00addi\u00adal, la col\u00adlab\u00ado\u00adra\u00adtion avec les dona\u00adteurs est garantie. La saisie et la main\u00adte\u00adnance par\u00adal\u00adl\u00e8les per\u00adme\u00adt\u00adtent d\u2019utiliser la lithoth\u00e8que de n\u2019importe o\u00f9 et \u00e0 tout moment. Les don\u00adn\u00e9es sont acces\u00adsi\u00adbles \u00e0 tous.&hellip; Poursuivre la lecture Gestion de collections Geolitho\" \/>\n<meta property=\"og:url\" content=\"https:\/\/www.geolitho.eu\/fr\/gestion-de-collections-geolitho\/\" \/>\n<meta property=\"og:site_name\" content=\"Fondation Geolitho gGmbH\" \/>\n<meta property=\"article:modified_time\" content=\"2026-01-16T08:06:06+00:00\" \/>\n<meta name=\"twitter:card\" content=\"summary_large_image\" \/>\n<meta name=\"twitter:label1\" content=\"Dur\u00e9e de lecture estim\u00e9e\" \/>\n\t<meta name=\"twitter:data1\" content=\"4 minutes\" \/>\n<script type=\"application\/ld+json\" class=\"yoast-schema-graph\">{\"@context\":\"https:\/\/schema.org\",\"@graph\":[{\"@type\":\"WebPage\",\"@id\":\"https:\/\/www.geolitho.eu\/fr\/gestion-de-collections-geolitho\/\",\"url\":\"https:\/\/www.geolitho.eu\/fr\/gestion-de-collections-geolitho\/\",\"name\":\"Gestion de collections Geolitho - Fondation Geolitho gGmbH\",\"isPartOf\":{\"@id\":\"https:\/\/www.geolitho.eu\/fr\/#website\"},\"datePublished\":\"2026-01-16T06:53:09+00:00\",\"dateModified\":\"2026-01-16T08:06:06+00:00\",\"breadcrumb\":{\"@id\":\"https:\/\/www.geolitho.eu\/fr\/gestion-de-collections-geolitho\/#breadcrumb\"},\"inLanguage\":\"fr-FR\",\"potentialAction\":[{\"@type\":\"ReadAction\",\"target\":[\"https:\/\/www.geolitho.eu\/fr\/gestion-de-collections-geolitho\/\"]}]},{\"@type\":\"BreadcrumbList\",\"@id\":\"https:\/\/www.geolitho.eu\/fr\/gestion-de-collections-geolitho\/#breadcrumb\",\"itemListElement\":[{\"@type\":\"ListItem\",\"position\":1,\"name\":\"Start\",\"item\":\"https:\/\/www.geolitho.eu\/fr\/\"},{\"@type\":\"ListItem\",\"position\":2,\"name\":\"Gestion de collections Geolitho\"}]},{\"@type\":\"WebSite\",\"@id\":\"https:\/\/www.geolitho.eu\/fr\/#website\",\"url\":\"https:\/\/www.geolitho.eu\/fr\/\",\"name\":\"Fondation Geolitho gGmbH\",\"description\":\"Geolitho \u2013 la min\u00e9ralogie et la g\u00e9ologie \u00e0 port\u00e9e de main.\",\"publisher\":{\"@id\":\"https:\/\/www.geolitho.eu\/fr\/#organization\"},\"potentialAction\":[{\"@type\":\"SearchAction\",\"target\":{\"@type\":\"EntryPoint\",\"urlTemplate\":\"https:\/\/www.geolitho.eu\/fr\/?s={search_term_string}\"},\"query-input\":{\"@type\":\"PropertyValueSpecification\",\"valueRequired\":true,\"valueName\":\"search_term_string\"}}],\"inLanguage\":\"fr-FR\"},{\"@type\":\"Organization\",\"@id\":\"https:\/\/www.geolitho.eu\/fr\/#organization\",\"name\":\"Fondation Geolitho gGmbH\",\"url\":\"https:\/\/www.geolitho.eu\/fr\/\",\"logo\":{\"@type\":\"ImageObject\",\"inLanguage\":\"fr-FR\",\"@id\":\"https:\/\/www.geolitho.eu\/fr\/#\/schema\/logo\/image\/\",\"url\":\"https:\/\/www.geolitho.eu\/fr\/wp-content\/uploads\/sites\/6\/2026\/01\/geolitho-hellgrau.png\",\"contentUrl\":\"https:\/\/www.geolitho.eu\/fr\/wp-content\/uploads\/sites\/6\/2026\/01\/geolitho-hellgrau.png\",\"width\":900,\"height\":142,\"caption\":\"Fondation Geolitho gGmbH\"},\"image\":{\"@id\":\"https:\/\/www.geolitho.eu\/fr\/#\/schema\/logo\/image\/\"}}]}<\/script>\n<!-- \/ Yoast SEO plugin. -->","yoast_head_json":{"title":"Gestion de collections Geolitho - Fondation Geolitho gGmbH","robots":{"index":"index","follow":"follow","max-snippet":"max-snippet:-1","max-image-preview":"max-image-preview:large","max-video-preview":"max-video-preview:-1"},"canonical":"https:\/\/www.geolitho.eu\/fr\/gestion-de-collections-geolitho\/","og_locale":"fr_FR","og_type":"article","og_title":"Gestion de collections Geolitho - Fondation Geolitho gGmbH","og_description":"La ges\u00adtion de col\u00adlec\u00adtions Geolitho est un out\u00adil mod\u00aderne des\u00adtin\u00e9 \u00e0 la saisie et \u00e0 la ges\u00adtion des don\u00adn\u00e9es d\u2019objets. Gr\u00e2ce \u00e0 un acc\u00e8s mon\u00addi\u00adal, la col\u00adlab\u00ado\u00adra\u00adtion avec les dona\u00adteurs est garantie. La saisie et la main\u00adte\u00adnance par\u00adal\u00adl\u00e8les per\u00adme\u00adt\u00adtent d\u2019utiliser la lithoth\u00e8que de n\u2019importe o\u00f9 et \u00e0 tout moment. Les don\u00adn\u00e9es sont acces\u00adsi\u00adbles \u00e0 tous.&hellip; Poursuivre la lecture Gestion de collections Geolitho","og_url":"https:\/\/www.geolitho.eu\/fr\/gestion-de-collections-geolitho\/","og_site_name":"Fondation Geolitho gGmbH","article_modified_time":"2026-01-16T08:06:06+00:00","twitter_card":"summary_large_image","twitter_misc":{"Dur\u00e9e de lecture estim\u00e9e":"4 minutes"},"schema":{"@context":"https:\/\/schema.org","@graph":[{"@type":"WebPage","@id":"https:\/\/www.geolitho.eu\/fr\/gestion-de-collections-geolitho\/","url":"https:\/\/www.geolitho.eu\/fr\/gestion-de-collections-geolitho\/","name":"Gestion de collections Geolitho - Fondation Geolitho gGmbH","isPartOf":{"@id":"https:\/\/www.geolitho.eu\/fr\/#website"},"datePublished":"2026-01-16T06:53:09+00:00","dateModified":"2026-01-16T08:06:06+00:00","breadcrumb":{"@id":"https:\/\/www.geolitho.eu\/fr\/gestion-de-collections-geolitho\/#breadcrumb"},"inLanguage":"fr-FR","potentialAction":[{"@type":"ReadAction","target":["https:\/\/www.geolitho.eu\/fr\/gestion-de-collections-geolitho\/"]}]},{"@type":"BreadcrumbList","@id":"https:\/\/www.geolitho.eu\/fr\/gestion-de-collections-geolitho\/#breadcrumb","itemListElement":[{"@type":"ListItem","position":1,"name":"Start","item":"https:\/\/www.geolitho.eu\/fr\/"},{"@type":"ListItem","position":2,"name":"Gestion de collections Geolitho"}]},{"@type":"WebSite","@id":"https:\/\/www.geolitho.eu\/fr\/#website","url":"https:\/\/www.geolitho.eu\/fr\/","name":"Fondation Geolitho gGmbH","description":"Geolitho \u2013 la min\u00e9ralogie et la g\u00e9ologie \u00e0 port\u00e9e de main.","publisher":{"@id":"https:\/\/www.geolitho.eu\/fr\/#organization"},"potentialAction":[{"@type":"SearchAction","target":{"@type":"EntryPoint","urlTemplate":"https:\/\/www.geolitho.eu\/fr\/?s={search_term_string}"},"query-input":{"@type":"PropertyValueSpecification","valueRequired":true,"valueName":"search_term_string"}}],"inLanguage":"fr-FR"},{"@type":"Organization","@id":"https:\/\/www.geolitho.eu\/fr\/#organization","name":"Fondation Geolitho gGmbH","url":"https:\/\/www.geolitho.eu\/fr\/","logo":{"@type":"ImageObject","inLanguage":"fr-FR","@id":"https:\/\/www.geolitho.eu\/fr\/#\/schema\/logo\/image\/","url":"https:\/\/www.geolitho.eu\/fr\/wp-content\/uploads\/sites\/6\/2026\/01\/geolitho-hellgrau.png","contentUrl":"https:\/\/www.geolitho.eu\/fr\/wp-content\/uploads\/sites\/6\/2026\/01\/geolitho-hellgrau.png","width":900,"height":142,"caption":"Fondation Geolitho gGmbH"},"image":{"@id":"https:\/\/www.geolitho.eu\/fr\/#\/schema\/logo\/image\/"}}]}},"_links":{"self":[{"href":"https:\/\/www.geolitho.eu\/fr\/wp-json\/wp\/v2\/pages\/82","targetHints":{"allow":["GET"]}}],"collection":[{"href":"https:\/\/www.geolitho.eu\/fr\/wp-json\/wp\/v2\/pages"}],"about":[{"href":"https:\/\/www.geolitho.eu\/fr\/wp-json\/wp\/v2\/types\/page"}],"author":[{"embeddable":true,"href":"https:\/\/www.geolitho.eu\/fr\/wp-json\/wp\/v2\/users\/1"}],"replies":[{"embeddable":true,"href":"https:\/\/www.geolitho.eu\/fr\/wp-json\/wp\/v2\/comments?post=82"}],"version-history":[{"count":4,"href":"https:\/\/www.geolitho.eu\/fr\/wp-json\/wp\/v2\/pages\/82\/revisions"}],"predecessor-version":[{"id":113,"href":"https:\/\/www.geolitho.eu\/fr\/wp-json\/wp\/v2\/pages\/82\/revisions\/113"}],"wp:attachment":[{"href":"https:\/\/www.geolitho.eu\/fr\/wp-json\/wp\/v2\/media?parent=82"}],"curies":[{"name":"wp","href":"https:\/\/api.w.org\/{rel}","templated":true}]}}